{"id":1210,"date":"2025-08-24T19:12:57","date_gmt":"2025-08-24T19:12:57","guid":{"rendered":"https:\/\/detsocialfagligehus.dk\/?page_id=1210"},"modified":"2025-09-07T16:43:07","modified_gmt":"2025-09-07T16:43:07","slug":"om-omradet","status":"publish","type":"page","link":"https:\/\/detsocialfagligehus.dk\/index.php\/om-omradet\/","title":{"rendered":"Om omr\u00e5det"},"content":{"rendered":"<p>[et_pb_section fb_built=&#8221;1&#8243; admin_label=&#8221;Header&#8221; _builder_version=&#8221;4.27.4&#8243; _module_preset=&#8221;default&#8221; use_background_color_gradient=&#8221;on&#8221; background_color_gradient_direction=&#8221;106deg&#8221; background_color_gradient_stops=&#8221;rgba(51,51,51,0.9) 0%|rgba(201,201,201,0.9) 21%&#8221; background_image=&#8221;https:\/\/detsocialfagligehus.dk\/wp-content\/uploads\/2025\/08\/20250813_1130471-scaled-e1756060340572.jpg&#8221; custom_padding=&#8221;10vw||10vw||true|false&#8221; hover_enabled=&#8221;0&#8243; collapsed=&#8221;on&#8221; global_colors_info=&#8221;{}&#8221; background__hover_enabled=&#8221;off|hover&#8221; use_background_color_gradient__hover=&#8221;off&#8221; border_radii=&#8221;off|||40px|40px&#8221; sticky_enabled=&#8221;0&#8243;][et_pb_row _builder_version=&#8221;4.23.2&#8243; _module_preset=&#8221;default&#8221; max_width=&#8221;800px&#8221; locked=&#8221;off&#8221; global_colors_info=&#8221;{}&#8221;][et_pb_column type=&#8221;4_4&#8243; _builder_version=&#8221;4.23.2&#8243; _module_preset=&#8221;default&#8221; global_colors_info=&#8221;{}&#8221;][et_pb_heading title=&#8221;Om omr\u00e5det&#8221; _builder_version=&#8221;4.27.4&#8243; _module_preset=&#8221;default&#8221; title_text_align=&#8221;center&#8221; title_text_color=&#8221;#FFFDF7&#8243; global_colors_info=&#8221;{}&#8221;][\/et_pb_heading][et_pb_text _builder_version=&#8221;4.27.4&#8243; _module_preset=&#8221;default&#8221; text_text_color=&#8221;#E4F2C9&#8243; background_color=&#8221;#092125&#8243; text_orientation=&#8221;center&#8221; animation_style=&#8221;fade&#8221; hover_enabled=&#8221;0&#8243; border_radii=&#8221;on|20px|20px|20px|20px&#8221; global_colors_info=&#8221;{}&#8221; custom_padding=&#8221;20px|20px|20px|20px|true|true&#8221; sticky_enabled=&#8221;0&#8243;]<\/p>\n<p>Fra vores samv\u00e6rshus er der kun tre minutters rolig g\u00e5tur til hjertet af K\u00f8ge. Det giver en helt s\u00e6rlig mulighed for, at samv\u00e6ret kan kombineres med sm\u00e5 oplevelser, der skaber n\u00e6rv\u00e6r, gl\u00e6de og minder for b\u00e5de b\u00f8rn og for\u00e6ldre.<\/p>\n<p>[\/et_pb_text][\/et_pb_column][\/et_pb_row][\/et_pb_section][et_pb_section fb_built=&#8221;1&#8243; admin_label=&#8221;Project Info&#8221; _builder_version=&#8221;4.27.4&#8243; _module_preset=&#8221;default&#8221; background_color=&#8221;gcid-bb730dca-23ad-45ab-ac1c-91061d0c80d9&#8243; custom_padding=&#8221;1px||0px|||&#8221; hover_enabled=&#8221;0&#8243; locked=&#8221;off&#8221; collapsed=&#8221;on&#8221; global_colors_info=&#8221;{%22gcid-bb730dca-23ad-45ab-ac1c-91061d0c80d9%22:%91%22background_color%22%93}&#8221; custom_padding_last_edited=&#8221;on|phone&#8221; custom_padding_tablet=&#8221;50px||0px||false|false&#8221; sticky_enabled=&#8221;0&#8243; custom_padding_phone=&#8221;||0px||false|false&#8221;][et_pb_row column_structure=&#8221;1_3,2_3&#8243; _builder_version=&#8221;4.23.2&#8243; _module_preset=&#8221;default&#8221; global_colors_info=&#8221;{}&#8221;][et_pb_column type=&#8221;1_3&#8243; _builder_version=&#8221;4.23.2&#8243; _module_preset=&#8221;default&#8221; global_colors_info=&#8221;{}&#8221;][et_pb_heading title=&#8221;Et trygt udgangspunkt midt i K\u00f8ge&#8221; _builder_version=&#8221;4.27.4&#8243; _module_preset=&#8221;default&#8221; title_font=&#8221;||||||||&#8221; title_text_color=&#8221;#092125&#8243; animation_style=&#8221;flip&#8221; global_colors_info=&#8221;{}&#8221;][\/et_pb_heading][\/et_pb_column][et_pb_column type=&#8221;2_3&#8243; _builder_version=&#8221;4.23.2&#8243; _module_preset=&#8221;default&#8221; global_colors_info=&#8221;{}&#8221;][et_pb_text _builder_version=&#8221;4.27.4&#8243; _module_preset=&#8221;default&#8221; border_color_all=&#8221;#E4F2C9&#8243; global_colors_info=&#8221;{}&#8221;]<\/p>\n<p data-start=\"1221\" data-end=\"1517\">Hos Hylleholt Familiefokus ved vi, at gode rammer kan underst\u00f8tte samv\u00e6ret mellem barn og for\u00e6lder. Derfor betyder det noget, at vores samv\u00e6rshus ligger s\u00e5 centralt placeret \u2013 kun tre minutters rolig g\u00e5tur fra hjertet af K\u00f8ge.<\/p>\n<p data-start=\"1519\" data-end=\"1974\">Den korte afstand til byens aktiviteter g\u00f8r det let at skabe sm\u00e5, men betydningsfulde oplevelser sammen. Et bes\u00f8g p\u00e5 biblioteket, en is i Str\u00e6det, en tur i Lovparken eller leg p\u00e5 strandpromenadens legeplads kan give naturlige rammer for n\u00e6rv\u00e6r og styrke relationen mellem barn og for\u00e6lder. For nogle familier er det en fordel at kunne kombinere samv\u00e6ret med hverdagsoplevelser, der skaber minder og forankrer relationen i noget genkendeligt og positivt.<\/p>\n<p data-start=\"1976\" data-end=\"2301\">Vi ser det som en styrke, at samv\u00e6ret kan str\u00e6kke sig ud over husets rammer \u2013 alt efter barnets behov og trivsel. Vores centrale placering giver fleksibilitet, variation og muligheder for at m\u00f8de barnet d\u00e9r, hvor det trives bedst \u2013 hvad enten det er i roen p\u00e5 en legeplads, i byens liv eller i en stille stund ved stranden.<\/p>\n<p>[\/et_pb_text][\/et_pb_column][\/et_pb_row][et_pb_row column_structure=&#8221;1_5,1_5,1_5,1_5,1_5&#8243; use_custom_gutter=&#8221;on&#8221; gutter_width=&#8221;1&#8243; make_equal=&#8221;on&#8221; _builder_version=&#8221;4.27.4&#8243; _module_preset=&#8221;default&#8221; background_enable_color=&#8221;off&#8221; custom_margin=&#8221;11px|||0px|false|false&#8221; custom_padding_tablet=&#8221;0px|0px|50px|0px|false|true&#8221; custom_padding_phone=&#8221;|0px||0px|false|true&#8221; hover_enabled=&#8221;0&#8243; global_colors_info=&#8221;{}&#8221; sticky_enabled=&#8221;0&#8243; custom_margin_last_edited=&#8221;on|desktop&#8221; custom_margin_phone=&#8221;58px|||0px|false|false&#8221; custom_margin_tablet=&#8221;20px||||false|false&#8221;][et_pb_column type=&#8221;1_5&#8243; _builder_version=&#8221;4.27.4&#8243; _module_preset=&#8221;6623941c-c19f-4561-a2ba-b9df605fe74f&#8221; background_color=&#8221;rgba(0,0,0,0.08)&#8221; background_image=&#8221;https:\/\/detsocialfagligehus.dk\/wp-content\/uploads\/2025\/08\/20250814_1037261-scaled.jpg&#8221; background_blend=&#8221;overlay&#8221; custom_padding_tablet=&#8221;60px||60px||true|true&#8221; custom_padding_phone=&#8221;60px|20px|60px|20px|true|true&#8221; global_colors_info=&#8221;{}&#8221;][\/et_pb_column][et_pb_column type=&#8221;1_5&#8243; _builder_version=&#8221;4.27.4&#8243; _module_preset=&#8221;6623941c-c19f-4561-a2ba-b9df605fe74f&#8221; background_color=&#8221;rgba(0,0,0,0.18)&#8221; background_image=&#8221;https:\/\/detsocialfagligehus.dk\/wp-content\/uploads\/2025\/08\/20250813_1130471-scaled-e1756060340572.jpg&#8221; background_blend=&#8221;overlay&#8221; custom_padding_phone=&#8221;60px|20px|60px|20px|true|true&#8221; global_colors_info=&#8221;{}&#8221;][\/et_pb_column][et_pb_column type=&#8221;1_5&#8243; _builder_version=&#8221;4.27.4&#8243; _module_preset=&#8221;6623941c-c19f-4561-a2ba-b9df605fe74f&#8221; background_color=&#8221;rgba(0,0,0,0.26)&#8221; background_image=&#8221;https:\/\/detsocialfagligehus.dk\/wp-content\/uploads\/2025\/08\/20250813_113118-scaled.jpg&#8221; background_blend=&#8221;darken&#8221; custom_padding=&#8221;60px||60px||true|true&#8221; custom_padding_phone=&#8221;60px|20px|60px|20px|true|true&#8221; global_colors_info=&#8221;{}&#8221;][\/et_pb_column][et_pb_column type=&#8221;1_5&#8243; _builder_version=&#8221;4.27.4&#8243; _module_preset=&#8221;6623941c-c19f-4561-a2ba-b9df605fe74f&#8221; background_color=&#8221;rgba(0,0,0,0.26)&#8221; background_image=&#8221;https:\/\/detsocialfagligehus.dk\/wp-content\/uploads\/2025\/08\/20250813_115058-scaled.jpg&#8221; background_blend=&#8221;darken&#8221; global_colors_info=&#8221;{}&#8221;][\/et_pb_column][et_pb_column type=&#8221;1_5&#8243; _builder_version=&#8221;4.27.4&#8243; _module_preset=&#8221;6623941c-c19f-4561-a2ba-b9df605fe74f&#8221; background_color=&#8221;rgba(0,0,0,0.21)&#8221; background_image=&#8221;https:\/\/detsocialfagligehus.dk\/wp-content\/uploads\/2025\/08\/20250814_1036291-1-scaled.jpg&#8221; background_blend=&#8221;overlay&#8221; global_colors_info=&#8221;{}&#8221;][\/et_pb_column][\/et_pb_row][et_pb_row column_structure=&#8221;1_2,1_2&#8243; _builder_version=&#8221;4.27.4&#8243; _module_preset=&#8221;default&#8221; background_color=&#8221;#FFFFFF&#8221; custom_margin=&#8221;|0px|0px|0px|false|false&#8221; custom_padding=&#8221;0px|0px|7px|0px|false|false&#8221; border_radii=&#8221;on|59px|59px|59px|59px&#8221; global_colors_info=&#8221;{}&#8221;][et_pb_column type=&#8221;1_2&#8243; _builder_version=&#8221;4.27.4&#8243; _module_preset=&#8221;default&#8221; global_colors_info=&#8221;{}&#8221;][et_pb_text _builder_version=&#8221;4.27.4&#8243; _module_preset=&#8221;default&#8221; text_text_color=&#8221;#092125&#8243; text_font_size=&#8221;16px&#8221; hover_enabled=&#8221;0&#8243; global_colors_info=&#8221;{}&#8221; custom_margin=&#8221;||0px||false|false&#8221; custom_margin_last_edited=&#8221;on|phone&#8221; sticky_enabled=&#8221;0&#8243; custom_margin_tablet=&#8221;||25px||false|false&#8221; custom_margin_phone=&#8221;||25px||false|false&#8221;]<\/p>\n<ul data-start=\"529\" data-end=\"2045\">\n<li data-start=\"492\" data-end=\"527\"><strong data-start=\"531\" data-end=\"573\" style=\"font-size: 16px;\">Kulturtorvet \u2013 byens levende midtpunkt<br \/><\/strong>Her finder I caf\u00e9er, restauranter som Bones, biograf og Teaterbygningen. Om sommeren fyldes torvet med skate-ramper og k\u00e6mpestore skakbrikker &#8211; plads til b\u00e5de leg, grin og stille stunder i solen.<\/li>\n<li data-start=\"777\" data-end=\"962\">\n<p data-start=\"779\" data-end=\"962\"><strong data-start=\"779\" data-end=\"810\">Str\u00e6det \u2013 hyggelig shopping<\/strong><br data-start=\"810\" data-end=\"813\" \/>G\u00e5r man gennem Str\u00e6det, lokker butikkerne til en lille kiggetur. M\u00e5ske ender turen med en is fra Frellsen eller en nybagt bolle fra Lagkagehuset.<\/p>\n<\/li>\n<li data-start=\"964\" data-end=\"1156\">\n<p data-start=\"966\" data-end=\"1156\"><strong data-start=\"966\" data-end=\"994\">Biblioteket og Lovparken<\/strong><br data-start=\"994\" data-end=\"997\" \/>Op ad Jernbanegade ligger biblioteket, og lidt l\u00e6ngere fremme finder man Lovparken \u2013 et gr\u00f8nt \u00e5ndehul med legeplads, hvor b\u00e5de b\u00f8rn og voksne kan v\u00e6re med.<\/p>\n<\/li>\n<li data-start=\"1158\" data-end=\"1352\">\n<p data-start=\"1160\" data-end=\"1352\"><strong data-start=\"1160\" data-end=\"1201\">K\u00f8ge \u00c5 og Strandpromenadens legeplads<\/strong><br data-start=\"1201\" data-end=\"1204\" \/>Bev\u00e6ger man sig den anden vej, op fra g\u00e5rden og ad Carlsensvej, er der mulighed for at fiske i K\u00f8ge \u00c5 eller lege p\u00e5 Strandpromenadens legeplads.<\/p>\n<\/li>\n<\/ul>\n<p>[\/et_pb_text][\/et_pb_column][et_pb_column type=&#8221;1_2&#8243; _builder_version=&#8221;4.27.4&#8243; _module_preset=&#8221;default&#8221; global_colors_info=&#8221;{}&#8221;][et_pb_text _builder_version=&#8221;4.27.4&#8243; _module_preset=&#8221;default&#8221; text_font_size=&#8221;16px&#8221; min_height=&#8221;342px&#8221; custom_margin=&#8221;-64px||5px|||&#8221; global_colors_info=&#8221;{}&#8221;]<\/p>\n<ul data-start=\"529\" data-end=\"2045\">\n<li data-start=\"1354\" data-end=\"1572\">\n<p data-start=\"1356\" data-end=\"1572\"><strong data-start=\"1356\" data-end=\"1388\">Gule Hal \u2013 fart og bev\u00e6gelse<\/strong><br data-start=\"1388\" data-end=\"1391\" \/>Lidt l\u00e6ngere fremme ligger Gule Hal, hvor skateboard og l\u00f8behjul suser hen over ramperne.<\/p>\n<\/li>\n<li data-start=\"1574\" data-end=\"1791\">\n<p data-start=\"1576\" data-end=\"1791\"><strong data-start=\"1576\" data-end=\"1612\">Strandpassagen og Caf\u00e9 Le Jardin<\/strong><br data-start=\"1612\" data-end=\"1615\" \/>F\u00f8lger man stien videre langs stranden og drejer ind ad Strandpassagen, venter Caf\u00e9 Le Jardin \u2013 en lille, farverig have med hyggelig stemning og plads til at tr\u00e6kke vejret.<\/p>\n<\/li>\n<li data-start=\"1793\" data-end=\"1937\">\n<p data-start=\"1795\" data-end=\"1937\"><strong data-start=\"1795\" data-end=\"1822\">Sm\u00e5 skjulte legepladser<\/strong><br data-start=\"1822\" data-end=\"1825\" \/>Mellem bygningerne gemmer der sig sm\u00e5 legepladser, som bare venter p\u00e5 at blive opdaget af familier i samv\u00e6r.<\/p>\n<\/li>\n<li data-start=\"1939\" data-end=\"2045\">\n<p data-start=\"1941\" data-end=\"2045\"><strong data-start=\"1941\" data-end=\"1954\">Parkering<\/strong><br data-start=\"1954\" data-end=\"1957\" \/>N\u00e5r I kommer forbi vores samv\u00e6rshus, er der mulighed for at parkere gratis i g\u00e5rden.<\/p>\n<\/li>\n<\/ul>\n<p>[\/et_pb_text][\/et_pb_column][\/et_pb_row][\/et_pb_section][et_pb_section fb_built=&#8221;1&#8243; admin_label=&#8221;Related Projects&#8221; _builder_version=&#8221;4.27.4&#8243; _module_preset=&#8221;default&#8221; background_color=&#8221;#FFFFFF&#8221; max_width=&#8221;100%&#8221; min_height=&#8221;135px&#8221; custom_margin=&#8221;||75px||false|false&#8221; custom_padding=&#8221;37px|60px|0px|60px|false|true&#8221; hover_enabled=&#8221;0&#8243; locked=&#8221;off&#8221; collapsed=&#8221;on&#8221; global_colors_info=&#8221;{}&#8221; custom_padding_last_edited=&#8221;on|phone&#8221; sticky_enabled=&#8221;0&#8243; custom_padding_phone=&#8221;|20px||20px|false|true&#8221; custom_padding_tablet=&#8221;37px|60px|0px|60px|false|true&#8221;][et_pb_row column_structure=&#8221;3_5,2_5&#8243; use_custom_gutter=&#8221;on&#8221; gutter_width=&#8221;1&#8243; make_equal=&#8221;on&#8221; _builder_version=&#8221;4.27.4&#8243; _module_preset=&#8221;e84f81b1-79b9-44bb-8406-2bcb167c964d&#8221; custom_margin=&#8221;||||false|true&#8221; custom_padding=&#8221;0px||0px||false|true&#8221; border_radii=&#8221;on|20px|20px|20px|20px&#8221; global_colors_info=&#8221;{}&#8221;][et_pb_column type=&#8221;3_5&#8243; _builder_version=&#8221;4.27.4&#8243; _module_preset=&#8221;85da2574-3eec-4231-aeeb-d96504eb6647&#8243; background_enable_color=&#8221;off&#8221; background_image=&#8221;https:\/\/detsocialfagligehus.dk\/wp-content\/uploads\/2025\/08\/pexels-hotaru-1104014-scaled.jpg&#8221; custom_padding=&#8221;0px|0px|0px|0px|true|true&#8221; custom_css_free_form=&#8221;selector {||  height: 300px;||}&#8221; global_colors_info=&#8221;{}&#8221;][\/et_pb_column][et_pb_column type=&#8221;2_5&#8243; _builder_version=&#8221;4.27.4&#8243; _module_preset=&#8221;85da2574-3eec-4231-aeeb-d96504eb6647&#8243; background_color=&#8221;#E4F2C9&#8243; custom_padding=&#8221;0px|60px|0px|60px|true|true&#8221; custom_css_free_form=&#8221;selector {||  height: 300px;||  display: flex;||  flex-direction: column;||  justify-content: center;||  padding-left: 50px;||  padding-right: 50px;||||}||@media (max-width: 767px) {||  .selector {||    height: 200px;||    padding-left: 20px;||    padding-right: 20px;||  }||}&#8221; global_colors_info=&#8221;{}&#8221;][et_pb_heading title=&#8221;Kontakt os idag&#8221; _builder_version=&#8221;4.27.4&#8243; _module_preset=&#8221;140e582f-22dc-4d1f-bc2b-24e26448c3bf&#8221; title_font=&#8221;&#8211;et_global_heading_font|600|||||||&#8221; global_colors_info=&#8221;{}&#8221;][\/et_pb_heading][et_pb_button button_url=&#8221;https:\/\/detsocialfagligehus.dk\/index.php\/119-2\/&#8221; button_text=&#8221;Kontakt os&#8221; _builder_version=&#8221;4.27.4&#8243; _module_preset=&#8221;d0bcb140-672a-4db9-8964-20e7de744bec&#8221; global_colors_info=&#8221;{}&#8221;][\/et_pb_button][\/et_pb_column][\/et_pb_row][\/et_pb_section]<\/p>\n","protected":false},"excerpt":{"rendered":"<p>Fra vores samv\u00e6rshus er der kun tre minutters rolig g\u00e5tur til hjertet af K\u00f8ge. Det giver en helt s\u00e6rlig mulighed for, at samv\u00e6ret kan kombineres med sm\u00e5 oplevelser, der skaber n\u00e6rv\u00e6r, gl\u00e6de og minder for b\u00e5de b\u00f8rn og for\u00e6ldre.Hos Hylleholt Familiefokus ved vi, at gode rammer kan underst\u00f8tte samv\u00e6ret mellem barn og for\u00e6lder. Derfor betyder [&hellip;]<\/p>\n","protected":false},"author":1,"featured_media":0,"parent":0,"menu_order":0,"comment_status":"closed","ping_status":"closed","template":"","meta":{"_et_pb_use_builder":"on","_et_pb_old_content":"","_et_gb_content_width":"","footnotes":""},"class_list":["post-1210","page","type-page","status-publish","hentry"],"yoast_head":"<!-- This site is optimized with the Yoast SEO plugin v25.5 - https:\/\/yoast.com\/wordpress\/plugins\/seo\/ -->\n<title>Om omr\u00e5det - Hylleholt Familiefokus<\/title>\n<meta name=\"robots\" content=\"index, follow, max-snippet:-1, max-image-preview:large, max-video-preview:-1\" \/>\n<link rel=\"canonical\" href=\"https:\/\/detsocialfagligehus.dk\/index.php\/om-omradet\/\" \/>\n<meta property=\"og:locale\" content=\"en_US\" \/>\n<meta property=\"og:type\" content=\"article\" \/>\n<meta property=\"og:title\" content=\"Om omr\u00e5det - Hylleholt Familiefokus\" \/>\n<meta property=\"og:description\" content=\"Fra vores samv\u00e6rshus er der kun tre minutters rolig g\u00e5tur til hjertet af K\u00f8ge. Det giver en helt s\u00e6rlig mulighed for, at samv\u00e6ret kan kombineres med sm\u00e5 oplevelser, der skaber n\u00e6rv\u00e6r, gl\u00e6de og minder for b\u00e5de b\u00f8rn og for\u00e6ldre.Hos Hylleholt Familiefokus ved vi, at gode rammer kan underst\u00f8tte samv\u00e6ret mellem barn og for\u00e6lder. Derfor betyder [&hellip;]\" \/>\n<meta property=\"og:url\" content=\"https:\/\/detsocialfagligehus.dk\/index.php\/om-omradet\/\" \/>\n<meta property=\"og:site_name\" content=\"Hylleholt Familiefokus\" \/>\n<meta property=\"article:modified_time\" content=\"2025-09-07T16:43:07+00:00\" \/>\n<meta name=\"twitter:card\" content=\"summary_large_image\" \/>\n<script type=\"application\/ld+json\" class=\"yoast-schema-graph\">{\"@context\":\"https:\/\/schema.org\",\"@graph\":[{\"@type\":\"WebPage\",\"@id\":\"https:\/\/detsocialfagligehus.dk\/index.php\/om-omradet\/\",\"url\":\"https:\/\/detsocialfagligehus.dk\/index.php\/om-omradet\/\",\"name\":\"Om omr\u00e5det - Hylleholt Familiefokus\",\"isPartOf\":{\"@id\":\"https:\/\/detsocialfagligehus.dk\/#website\"},\"datePublished\":\"2025-08-24T19:12:57+00:00\",\"dateModified\":\"2025-09-07T16:43:07+00:00\",\"breadcrumb\":{\"@id\":\"https:\/\/detsocialfagligehus.dk\/index.php\/om-omradet\/#breadcrumb\"},\"inLanguage\":\"en-US\",\"potentialAction\":[{\"@type\":\"ReadAction\",\"target\":[\"https:\/\/detsocialfagligehus.dk\/index.php\/om-omradet\/\"]}]},{\"@type\":\"BreadcrumbList\",\"@id\":\"https:\/\/detsocialfagligehus.dk\/index.php\/om-omradet\/#breadcrumb\",\"itemListElement\":[{\"@type\":\"ListItem\",\"position\":1,\"name\":\"Home\",\"item\":\"https:\/\/detsocialfagligehus.dk\/\"},{\"@type\":\"ListItem\",\"position\":2,\"name\":\"Om omr\u00e5det\"}]},{\"@type\":\"WebSite\",\"@id\":\"https:\/\/detsocialfagligehus.dk\/#website\",\"url\":\"https:\/\/detsocialfagligehus.dk\/\",\"name\":\"Hylleholt Familiefokus\",\"description\":\"\",\"potentialAction\":[{\"@type\":\"SearchAction\",\"target\":{\"@type\":\"EntryPoint\",\"urlTemplate\":\"https:\/\/detsocialfagligehus.dk\/?s={search_term_string}\"},\"query-input\":{\"@type\":\"PropertyValueSpecification\",\"valueRequired\":true,\"valueName\":\"search_term_string\"}}],\"inLanguage\":\"en-US\"}]}<\/script>\n<!-- \/ Yoast SEO plugin. -->","yoast_head_json":{"title":"Om omr\u00e5det - Hylleholt Familiefokus","robots":{"index":"index","follow":"follow","max-snippet":"max-snippet:-1","max-image-preview":"max-image-preview:large","max-video-preview":"max-video-preview:-1"},"canonical":"https:\/\/detsocialfagligehus.dk\/index.php\/om-omradet\/","og_locale":"en_US","og_type":"article","og_title":"Om omr\u00e5det - Hylleholt Familiefokus","og_description":"Fra vores samv\u00e6rshus er der kun tre minutters rolig g\u00e5tur til hjertet af K\u00f8ge. Det giver en helt s\u00e6rlig mulighed for, at samv\u00e6ret kan kombineres med sm\u00e5 oplevelser, der skaber n\u00e6rv\u00e6r, gl\u00e6de og minder for b\u00e5de b\u00f8rn og for\u00e6ldre.Hos Hylleholt Familiefokus ved vi, at gode rammer kan underst\u00f8tte samv\u00e6ret mellem barn og for\u00e6lder. Derfor betyder [&hellip;]","og_url":"https:\/\/detsocialfagligehus.dk\/index.php\/om-omradet\/","og_site_name":"Hylleholt Familiefokus","article_modified_time":"2025-09-07T16:43:07+00:00","twitter_card":"summary_large_image","schema":{"@context":"https:\/\/schema.org","@graph":[{"@type":"WebPage","@id":"https:\/\/detsocialfagligehus.dk\/index.php\/om-omradet\/","url":"https:\/\/detsocialfagligehus.dk\/index.php\/om-omradet\/","name":"Om omr\u00e5det - Hylleholt Familiefokus","isPartOf":{"@id":"https:\/\/detsocialfagligehus.dk\/#website"},"datePublished":"2025-08-24T19:12:57+00:00","dateModified":"2025-09-07T16:43:07+00:00","breadcrumb":{"@id":"https:\/\/detsocialfagligehus.dk\/index.php\/om-omradet\/#breadcrumb"},"inLanguage":"en-US","potentialAction":[{"@type":"ReadAction","target":["https:\/\/detsocialfagligehus.dk\/index.php\/om-omradet\/"]}]},{"@type":"BreadcrumbList","@id":"https:\/\/detsocialfagligehus.dk\/index.php\/om-omradet\/#breadcrumb","itemListElement":[{"@type":"ListItem","position":1,"name":"Home","item":"https:\/\/detsocialfagligehus.dk\/"},{"@type":"ListItem","position":2,"name":"Om omr\u00e5det"}]},{"@type":"WebSite","@id":"https:\/\/detsocialfagligehus.dk\/#website","url":"https:\/\/detsocialfagligehus.dk\/","name":"Hylleholt Familiefokus","description":"","potentialAction":[{"@type":"SearchAction","target":{"@type":"EntryPoint","urlTemplate":"https:\/\/detsocialfagligehus.dk\/?s={search_term_string}"},"query-input":{"@type":"PropertyValueSpecification","valueRequired":true,"valueName":"search_term_string"}}],"inLanguage":"en-US"}]}},"_links":{"self":[{"href":"https:\/\/detsocialfagligehus.dk\/index.php\/wp-json\/wp\/v2\/pages\/1210","targetHints":{"allow":["GET"]}}],"collection":[{"href":"https:\/\/detsocialfagligehus.dk\/index.php\/wp-json\/wp\/v2\/pages"}],"about":[{"href":"https:\/\/detsocialfagligehus.dk\/index.php\/wp-json\/wp\/v2\/types\/page"}],"author":[{"embeddable":true,"href":"https:\/\/detsocialfagligehus.dk\/index.php\/wp-json\/wp\/v2\/users\/1"}],"replies":[{"embeddable":true,"href":"https:\/\/detsocialfagligehus.dk\/index.php\/wp-json\/wp\/v2\/comments?post=1210"}],"version-history":[{"count":7,"href":"https:\/\/detsocialfagligehus.dk\/index.php\/wp-json\/wp\/v2\/pages\/1210\/revisions"}],"predecessor-version":[{"id":1281,"href":"https:\/\/detsocialfagligehus.dk\/index.php\/wp-json\/wp\/v2\/pages\/1210\/revisions\/1281"}],"wp:attachment":[{"href":"https:\/\/detsocialfagligehus.dk\/index.php\/wp-json\/wp\/v2\/media?parent=1210"}],"curies":[{"name":"wp","href":"https:\/\/api.w.org\/{rel}","templated":true}]}}