{"id":259,"date":"2025-07-07T18:28:41","date_gmt":"2025-07-07T18:28:41","guid":{"rendered":"https:\/\/staging.detsocialfagligehus.dk\/staging\/?page_id=259"},"modified":"2025-09-07T16:37:40","modified_gmt":"2025-09-07T16:37:40","slug":"259-2","status":"publish","type":"page","link":"https:\/\/detsocialfagligehus.dk\/index.php\/259-2\/","title":{"rendered":"\u00a7 75-St\u00f8tteperson"},"content":{"rendered":"<p>[et_pb_section fb_built=&#8221;1&#8243; custom_padding_last_edited=&#8221;on|desktop&#8221; _builder_version=&#8221;4.27.4&#8243; _module_preset=&#8221;_initial&#8221; z_index=&#8221;500&#8243; custom_margin=&#8221;50px||-20px||false|false&#8221; custom_margin_tablet=&#8221;50px||||false|false&#8221; custom_margin_phone=&#8221;0px||||false|false&#8221; custom_margin_last_edited=&#8221;on|phone&#8221; custom_padding=&#8221;|60px|3px|60px|false|true&#8221; custom_padding_tablet=&#8221;|20px||20px|false|true&#8221; custom_padding_phone=&#8221;100px|20px||20px|false|true&#8221; border_radii=&#8221;off|||20px|20px&#8221; global_colors_info=&#8221;{}&#8221;][et_pb_row column_structure=&#8221;2_3,1_3&#8243; use_custom_gutter=&#8221;on&#8221; _builder_version=&#8221;4.27.4&#8243; _module_preset=&#8221;3bf6d938-32ee-4b37-bd38-8a66520f6e40&#8243; custom_padding=&#8221;0px|60px|49px|60px|false|true&#8221; custom_padding_tablet=&#8221;0px|0px|100px|0px|false|true&#8221; custom_padding_phone=&#8221;0px|0px|60px|0px|false|true&#8221; hover_enabled=&#8221;0&#8243; global_colors_info=&#8221;{}&#8221; gutter_width=&#8221;2&#8243; sticky_enabled=&#8221;0&#8243;][et_pb_column type=&#8221;2_3&#8243; _builder_version=&#8221;4.27.4&#8243; _module_preset=&#8221;31b7e4de-9ba6-49f1-b5ef-8a3b0819bde8&#8243; background_color=&#8221;#FFFDF7&#8243; custom_padding=&#8221;60px|0px|60px|0px|true|true&#8221; global_colors_info=&#8221;{}&#8221;][et_pb_heading title=&#8221;St\u00f8tteperson&#8221; _builder_version=&#8221;4.27.4&#8243; _module_preset=&#8221;ef749395-3e02-4abc-95f9-1c402aa86451&#8243; title_level=&#8221;h1&#8243; title_font=&#8221;&#8211;et_global_heading_font|600|||||||&#8221; title_text_align=&#8221;left&#8221; title_font_size=&#8221;50px&#8221; custom_margin=&#8221;-28px||0px||false|false&#8221; custom_margin_tablet=&#8221;||50px||false|false&#8221; custom_margin_phone=&#8221;50px||||false|false&#8221; custom_margin_last_edited=&#8221;on|desktop&#8221; global_colors_info=&#8221;{}&#8221;][\/et_pb_heading][et_pb_text _builder_version=&#8221;4.27.4&#8243; _module_preset=&#8221;1fb9a708-e920-4a95-9f5d-b812255e9800&#8243; custom_margin=&#8221;12px|||||&#8221; custom_padding=&#8221;||4px|||&#8221; global_colors_info=&#8221;{}&#8221;]<\/p>\n<h3 data-start=\"141\" data-end=\"197\"><strong data-start=\"145\" data-end=\"197\">BL \u00a7 75 St\u00f8tteperson til for\u00e6ldre med anbragte b\u00f8rn<\/strong><\/h3>\n<p><strong data-start=\"145\" data-end=\"197\"><\/strong><\/p>\n<p data-start=\"199\" data-end=\"300\">Hylleholt Familiefokus tilbyder st\u00f8tteperson efter servicelovens BL \u00a7 75 til for\u00e6ldre med anbragte b\u00f8rn.<\/p>\n<p data-start=\"302\" data-end=\"478\">Form\u00e5let er at give for\u00e6ldrene et trygt rum, hvor de kan f\u00e5 st\u00f8tte til at h\u00e5ndtere de sv\u00e6re f\u00f8lelser, der ofte f\u00f8lger med at f\u00e5 \u2013 eller have \u2013 et barn anbragt uden for hjemmet.<\/p>\n<p data-start=\"480\" data-end=\"522\">For\u00e6ldrene kan blandt andet f\u00e5 st\u00f8tte til:<\/p>\n<ul data-start=\"524\" data-end=\"935\">\n<li data-start=\"524\" data-end=\"586\">\n<p data-start=\"526\" data-end=\"586\">At opn\u00e5 klarhed over anbringelsen og bearbejde sorg og tab<\/p>\n<\/li>\n<li data-start=\"587\" data-end=\"663\">\n<p data-start=\"589\" data-end=\"663\">At indg\u00e5 i et konstruktivt samspil og modspil under anbringelsesforl\u00f8bet<\/p>\n<\/li>\n<li data-start=\"664\" data-end=\"782\">\n<p data-start=\"666\" data-end=\"782\">At styrke samarbejdet med kommunen og andre relevante akt\u00f8rer \u2013 herunder st\u00f8tte til at forst\u00e5 skriftligt materiale<\/p>\n<\/li>\n<li data-start=\"783\" data-end=\"935\">\n<p data-start=\"785\" data-end=\"935\">At opbygge og bevare et godt samarbejde med barnets anbringelsessted samt styrke relationen mellem barnet og dets for\u00e6ldre, s\u00f8skende og \u00f8vrige netv\u00e6rk<\/p>\n<\/li>\n<\/ul>\n<p>[\/et_pb_text][\/et_pb_column][et_pb_column type=&#8221;1_3&#8243; _builder_version=&#8221;4.27.4&#8243; _module_preset=&#8221;31b7e4de-9ba6-49f1-b5ef-8a3b0819bde8&#8243; background_color=&#8221;#E4F2C9&#8243; custom_padding=&#8221;40px|40px|40px|40px|true|true&#8221; custom_padding_tablet=&#8221;40px||40px||true|true&#8221; custom_padding_phone=&#8221;20px|20px|20px|20px|true|true&#8221; custom_padding_last_edited=&#8221;on|phone&#8221; border_radii=&#8221;on|20px|20px|20px|20px&#8221; global_colors_info=&#8221;{}&#8221;][et_pb_heading title=&#8221;L\u00e6s mere om:&#8221; _builder_version=&#8221;4.27.4&#8243; _module_preset=&#8221;default&#8221; title_font=&#8221;&#8211;et_global_heading_font|600|||||||&#8221; title_font_size=&#8221;31px&#8221; global_colors_info=&#8221;{}&#8221;][\/et_pb_heading][et_pb_button button_url=&#8221;https:\/\/detsocialfagligehus.dk\/index.php\/familiebehandling\/&#8221; button_text=&#8221;Familiebehandling&#8221; _builder_version=&#8221;4.27.4&#8243; _module_preset=&#8221;c23677cd-b3f3-4697-917d-c779dcbb3621&#8243; button_icon=&#8221;&#xe092;||divi||400&#8243; animation_style=&#8221;slide&#8221; global_colors_info=&#8221;{}&#8221;][\/et_pb_button][et_pb_button button_url=&#8221;https:\/\/detsocialfagligehus.dk\/index.php\/vi-tilbyder\/&#8221; button_text=&#8221;Kontaktperson&#8221; _builder_version=&#8221;4.27.4&#8243; _module_preset=&#8221;c23677cd-b3f3-4697-917d-c779dcbb3621&#8243; button_icon=&#8221;&#xe092;||divi||400&#8243; animation_style=&#8221;slide&#8221; global_colors_info=&#8221;{}&#8221;][\/et_pb_button][et_pb_button button_url=&#8221;https:\/\/detsocialfagligehus.dk\/index.php\/malgruppe\/&#8221; button_text=&#8221;Sikkerhedsplaner&#8221; _builder_version=&#8221;4.27.4&#8243; _module_preset=&#8221;c23677cd-b3f3-4697-917d-c779dcbb3621&#8243; button_icon=&#8221;&#xe092;||divi||400&#8243; animation_style=&#8221;slide&#8221; global_colors_info=&#8221;{}&#8221;][\/et_pb_button][et_pb_button button_url=&#8221;https:\/\/detsocialfagligehus.dk\/index.php\/praktisk-paedagogisk-stotte\/&#8221; button_text=&#8221;Praktisk p\u00e6dagogisk st\u00f8tte&#8221; _builder_version=&#8221;4.27.4&#8243; _module_preset=&#8221;c23677cd-b3f3-4697-917d-c779dcbb3621&#8243; button_icon=&#8221;&#xe092;||divi||400&#8243; animation_style=&#8221;slide&#8221; global_colors_info=&#8221;{}&#8221;][\/et_pb_button][\/et_pb_column][\/et_pb_row][\/et_pb_section][et_pb_section fb_built=&#8221;1&#8243; _builder_version=&#8221;4.27.4&#8243; _module_preset=&#8221;default&#8221; background_color=&#8221;RGBA(255,255,255,0)&#8221; background_image=&#8221;https:\/\/detsocialfagligehus.dk\/wp-content\/uploads\/2025\/08\/pexels-michael-morse-1582736-scaled.jpg&#8221; background_position=&#8221;bottom_center&#8221; background_vertical_offset=&#8221;10%&#8221; background_blend=&#8221;lighten&#8221; custom_margin=&#8221;||-44px||false|false&#8221; custom_padding=&#8221;||0px||false|false&#8221; hover_enabled=&#8221;0&#8243; global_colors_info=&#8221;{}&#8221; sticky_enabled=&#8221;0&#8243;][et_pb_row _builder_version=&#8221;4.27.4&#8243; _module_preset=&#8221;default&#8221; background_enable_color=&#8221;off&#8221; global_colors_info=&#8221;{}&#8221;][et_pb_column type=&#8221;4_4&#8243; _builder_version=&#8221;4.27.4&#8243; _module_preset=&#8221;default&#8221; global_colors_info=&#8221;{}&#8221;][et_pb_cta title=&#8221;Sp\u00f8rgsm\u00e5l?&#8221; button_text=&#8221;Kontakt ledelsen her&#8221; _builder_version=&#8221;4.27.4&#8243; _module_preset=&#8221;default&#8221; header_font=&#8221;&#8211;et_global_heading_font|600|||||||&#8221; header_text_color=&#8221;#FFFDF7&#8243; header_font_size=&#8221;36px&#8221; background_enable_color=&#8221;off&#8221; custom_button=&#8221;on&#8221; button_text_color=&#8221;#FFFDF7&#8243; button_border_width=&#8221;20px&#8221; button_alignment=&#8221;center&#8221; min_height=&#8221;82px&#8221; custom_margin=&#8221;||-37px|||&#8221; custom_padding=&#8221;||14px|||&#8221; global_colors_info=&#8221;{}&#8221;][\/et_pb_cta][et_pb_button button_url=&#8221;https:\/\/detsocialfagligehus.dk\/index.php\/119-2\/&#8221; button_text=&#8221;Kontakt ledelsen her&#8221; button_alignment=&#8221;center&#8221; _builder_version=&#8221;4.27.4&#8243; _module_preset=&#8221;c23677cd-b3f3-4697-917d-c779dcbb3621&#8243; button_text_color=&#8221;#FFFDF7&#8243; button_bg_color=&#8221;RGBA(255,255,255,0)&#8221; button_border_color=&#8221;#FFFDF7&#8243; global_colors_info=&#8221;{}&#8221; custom_margin=&#8221;30px||88px||false|false&#8221;][\/et_pb_button][\/et_pb_column][\/et_pb_row][\/et_pb_section]<\/p>\n","protected":false},"excerpt":{"rendered":"<p>BL \u00a7 75 St\u00f8tteperson til for\u00e6ldre med anbragte b\u00f8rn Hylleholt Familiefokus tilbyder st\u00f8tteperson efter servicelovens BL \u00a7 75 til for\u00e6ldre med anbragte b\u00f8rn. Form\u00e5let er at give for\u00e6ldrene et trygt rum, hvor de kan f\u00e5 st\u00f8tte til at h\u00e5ndtere de sv\u00e6re f\u00f8lelser, der ofte f\u00f8lger med at f\u00e5 \u2013 eller have \u2013 et barn anbragt [&hellip;]<\/p>\n","protected":false},"author":1,"featured_media":0,"parent":0,"menu_order":0,"comment_status":"closed","ping_status":"closed","template":"","meta":{"_et_pb_use_builder":"on","_et_pb_old_content":"","_et_gb_content_width":"","footnotes":""},"class_list":["post-259","page","type-page","status-publish","hentry"],"yoast_head":"<!-- This site is optimized with the Yoast SEO plugin v25.5 - https:\/\/yoast.com\/wordpress\/plugins\/seo\/ -->\n<title>\u00a7 75-St\u00f8tteperson - Hylleholt Familiefokus<\/title>\n<meta name=\"robots\" content=\"index, follow, max-snippet:-1, max-image-preview:large, max-video-preview:-1\" \/>\n<link rel=\"canonical\" href=\"https:\/\/detsocialfagligehus.dk\/index.php\/259-2\/\" \/>\n<meta property=\"og:locale\" content=\"en_US\" \/>\n<meta property=\"og:type\" content=\"article\" \/>\n<meta property=\"og:title\" content=\"\u00a7 75-St\u00f8tteperson - Hylleholt Familiefokus\" \/>\n<meta property=\"og:description\" content=\"BL \u00a7 75 St\u00f8tteperson til for\u00e6ldre med anbragte b\u00f8rn Hylleholt Familiefokus tilbyder st\u00f8tteperson efter servicelovens BL \u00a7 75 til for\u00e6ldre med anbragte b\u00f8rn. Form\u00e5let er at give for\u00e6ldrene et trygt rum, hvor de kan f\u00e5 st\u00f8tte til at h\u00e5ndtere de sv\u00e6re f\u00f8lelser, der ofte f\u00f8lger med at f\u00e5 \u2013 eller have \u2013 et barn anbragt [&hellip;]\" \/>\n<meta property=\"og:url\" content=\"https:\/\/detsocialfagligehus.dk\/index.php\/259-2\/\" \/>\n<meta property=\"og:site_name\" content=\"Hylleholt Familiefokus\" \/>\n<meta property=\"article:modified_time\" content=\"2025-09-07T16:37:40+00:00\" \/>\n<meta name=\"twitter:card\" content=\"summary_large_image\" \/>\n<meta name=\"twitter:label1\" content=\"Est. reading time\" \/>\n\t<meta name=\"twitter:data1\" content=\"4 minutes\" \/>\n<script type=\"application\/ld+json\" class=\"yoast-schema-graph\">{\"@context\":\"https:\/\/schema.org\",\"@graph\":[{\"@type\":\"WebPage\",\"@id\":\"https:\/\/detsocialfagligehus.dk\/index.php\/259-2\/\",\"url\":\"https:\/\/detsocialfagligehus.dk\/index.php\/259-2\/\",\"name\":\"\u00a7 75-St\u00f8tteperson - Hylleholt Familiefokus\",\"isPartOf\":{\"@id\":\"https:\/\/detsocialfagligehus.dk\/#website\"},\"datePublished\":\"2025-07-07T18:28:41+00:00\",\"dateModified\":\"2025-09-07T16:37:40+00:00\",\"breadcrumb\":{\"@id\":\"https:\/\/detsocialfagligehus.dk\/index.php\/259-2\/#breadcrumb\"},\"inLanguage\":\"en-US\",\"potentialAction\":[{\"@type\":\"ReadAction\",\"target\":[\"https:\/\/detsocialfagligehus.dk\/index.php\/259-2\/\"]}]},{\"@type\":\"BreadcrumbList\",\"@id\":\"https:\/\/detsocialfagligehus.dk\/index.php\/259-2\/#breadcrumb\",\"itemListElement\":[{\"@type\":\"ListItem\",\"position\":1,\"name\":\"Home\",\"item\":\"https:\/\/detsocialfagligehus.dk\/\"},{\"@type\":\"ListItem\",\"position\":2,\"name\":\"\u00a7 75-St\u00f8tteperson\"}]},{\"@type\":\"WebSite\",\"@id\":\"https:\/\/detsocialfagligehus.dk\/#website\",\"url\":\"https:\/\/detsocialfagligehus.dk\/\",\"name\":\"Hylleholt Familiefokus\",\"description\":\"\",\"potentialAction\":[{\"@type\":\"SearchAction\",\"target\":{\"@type\":\"EntryPoint\",\"urlTemplate\":\"https:\/\/detsocialfagligehus.dk\/?s={search_term_string}\"},\"query-input\":{\"@type\":\"PropertyValueSpecification\",\"valueRequired\":true,\"valueName\":\"search_term_string\"}}],\"inLanguage\":\"en-US\"}]}<\/script>\n<!-- \/ Yoast SEO plugin. -->","yoast_head_json":{"title":"\u00a7 75-St\u00f8tteperson - Hylleholt Familiefokus","robots":{"index":"index","follow":"follow","max-snippet":"max-snippet:-1","max-image-preview":"max-image-preview:large","max-video-preview":"max-video-preview:-1"},"canonical":"https:\/\/detsocialfagligehus.dk\/index.php\/259-2\/","og_locale":"en_US","og_type":"article","og_title":"\u00a7 75-St\u00f8tteperson - Hylleholt Familiefokus","og_description":"BL \u00a7 75 St\u00f8tteperson til for\u00e6ldre med anbragte b\u00f8rn Hylleholt Familiefokus tilbyder st\u00f8tteperson efter servicelovens BL \u00a7 75 til for\u00e6ldre med anbragte b\u00f8rn. Form\u00e5let er at give for\u00e6ldrene et trygt rum, hvor de kan f\u00e5 st\u00f8tte til at h\u00e5ndtere de sv\u00e6re f\u00f8lelser, der ofte f\u00f8lger med at f\u00e5 \u2013 eller have \u2013 et barn anbragt [&hellip;]","og_url":"https:\/\/detsocialfagligehus.dk\/index.php\/259-2\/","og_site_name":"Hylleholt Familiefokus","article_modified_time":"2025-09-07T16:37:40+00:00","twitter_card":"summary_large_image","twitter_misc":{"Est. reading time":"4 minutes"},"schema":{"@context":"https:\/\/schema.org","@graph":[{"@type":"WebPage","@id":"https:\/\/detsocialfagligehus.dk\/index.php\/259-2\/","url":"https:\/\/detsocialfagligehus.dk\/index.php\/259-2\/","name":"\u00a7 75-St\u00f8tteperson - Hylleholt Familiefokus","isPartOf":{"@id":"https:\/\/detsocialfagligehus.dk\/#website"},"datePublished":"2025-07-07T18:28:41+00:00","dateModified":"2025-09-07T16:37:40+00:00","breadcrumb":{"@id":"https:\/\/detsocialfagligehus.dk\/index.php\/259-2\/#breadcrumb"},"inLanguage":"en-US","potentialAction":[{"@type":"ReadAction","target":["https:\/\/detsocialfagligehus.dk\/index.php\/259-2\/"]}]},{"@type":"BreadcrumbList","@id":"https:\/\/detsocialfagligehus.dk\/index.php\/259-2\/#breadcrumb","itemListElement":[{"@type":"ListItem","position":1,"name":"Home","item":"https:\/\/detsocialfagligehus.dk\/"},{"@type":"ListItem","position":2,"name":"\u00a7 75-St\u00f8tteperson"}]},{"@type":"WebSite","@id":"https:\/\/detsocialfagligehus.dk\/#website","url":"https:\/\/detsocialfagligehus.dk\/","name":"Hylleholt Familiefokus","description":"","potentialAction":[{"@type":"SearchAction","target":{"@type":"EntryPoint","urlTemplate":"https:\/\/detsocialfagligehus.dk\/?s={search_term_string}"},"query-input":{"@type":"PropertyValueSpecification","valueRequired":true,"valueName":"search_term_string"}}],"inLanguage":"en-US"}]}},"_links":{"self":[{"href":"https:\/\/detsocialfagligehus.dk\/index.php\/wp-json\/wp\/v2\/pages\/259","targetHints":{"allow":["GET"]}}],"collection":[{"href":"https:\/\/detsocialfagligehus.dk\/index.php\/wp-json\/wp\/v2\/pages"}],"about":[{"href":"https:\/\/detsocialfagligehus.dk\/index.php\/wp-json\/wp\/v2\/types\/page"}],"author":[{"embeddable":true,"href":"https:\/\/detsocialfagligehus.dk\/index.php\/wp-json\/wp\/v2\/users\/1"}],"replies":[{"embeddable":true,"href":"https:\/\/detsocialfagligehus.dk\/index.php\/wp-json\/wp\/v2\/comments?post=259"}],"version-history":[{"count":24,"href":"https:\/\/detsocialfagligehus.dk\/index.php\/wp-json\/wp\/v2\/pages\/259\/revisions"}],"predecessor-version":[{"id":1279,"href":"https:\/\/detsocialfagligehus.dk\/index.php\/wp-json\/wp\/v2\/pages\/259\/revisions\/1279"}],"wp:attachment":[{"href":"https:\/\/detsocialfagligehus.dk\/index.php\/wp-json\/wp\/v2\/media?parent=259"}],"curies":[{"name":"wp","href":"https:\/\/api.w.org\/{rel}","templated":true}]}}