{"id":308,"date":"2025-07-11T15:39:00","date_gmt":"2025-07-11T15:39:00","guid":{"rendered":"https:\/\/staging.detsocialfagligehus.dk\/staging\/?page_id=308"},"modified":"2025-08-31T17:31:10","modified_gmt":"2025-08-31T17:31:10","slug":"om-hylleholt","status":"publish","type":"page","link":"https:\/\/detsocialfagligehus.dk\/index.php\/om-hylleholt\/","title":{"rendered":"Om Hylleholt"},"content":{"rendered":"<p>[et_pb_section fb_built=&#8221;1&#8243; custom_padding_last_edited=&#8221;on|desktop&#8221; _builder_version=&#8221;4.27.4&#8243; _module_preset=&#8221;_initial&#8221; custom_margin=&#8221;50px||||false|false&#8221; custom_margin_tablet=&#8221;50px||||false|false&#8221; custom_margin_phone=&#8221;50px||||false|false&#8221; custom_margin_last_edited=&#8221;on|desktop&#8221; custom_padding=&#8221;|60px|3px|60px|false|true&#8221; custom_padding_tablet=&#8221;|20px||20px|false|true&#8221; custom_padding_phone=&#8221;|20px||20px|false|true&#8221; global_colors_info=&#8221;{}&#8221;][et_pb_row use_custom_gutter=&#8221;on&#8221; gutter_width=&#8221;1&#8243; custom_padding_last_edited=&#8221;on|desktop&#8221; _builder_version=&#8221;4.27.4&#8243; _module_preset=&#8221;_initial&#8221; custom_padding=&#8221;0px|60px|0px|60px|false|true&#8221; custom_padding_tablet=&#8221;0px|60px|0px|60px|false|true&#8221; custom_padding_phone=&#8221;0px|0px|0px|0px|false|true&#8221; global_colors_info=&#8221;{}&#8221;][et_pb_column type=&#8221;4_4&#8243; _builder_version=&#8221;4.27.4&#8243; _module_preset=&#8221;_initial&#8221; custom_padding=&#8221;0px|0px|0px|0px|true|true&#8221; global_colors_info=&#8221;{}&#8221;][et_pb_heading title=&#8221;Om Hylleholt Familiefokus&#8221; _builder_version=&#8221;4.27.4&#8243; _module_preset=&#8221;_initial&#8221; title_level=&#8221;h1&#8243; title_font=&#8221;&#8211;et_global_heading_font|600|||||||&#8221; title_text_align=&#8221;left&#8221; title_font_size=&#8221;50px&#8221; custom_margin=&#8221;0px||0px||false|false&#8221; custom_margin_tablet=&#8221;||20px||false|false&#8221; custom_margin_phone=&#8221;50px||-20px||false|false&#8221; custom_margin_last_edited=&#8221;on|tablet&#8221; title_font_size_tablet=&#8221;48px&#8221; title_font_size_phone=&#8221;48px&#8221; title_font_size_last_edited=&#8221;on|phone&#8221; global_colors_info=&#8221;{}&#8221;][\/et_pb_heading][et_pb_heading title=&#8221;Mere end 20 \u00e5rs erfaring i socialp\u00e6dagogisk udvikling&#8221; _builder_version=&#8221;4.27.4&#8243; _module_preset=&#8221;_initial&#8221; title_font=&#8221;&#8211;et_global_heading_font|600|||||||&#8221; title_text_align=&#8221;left&#8221; title_font_size=&#8221;30px&#8221; custom_margin=&#8221;9px||50px||false|false&#8221; custom_margin_tablet=&#8221;||||false|false&#8221; custom_margin_phone=&#8221;50px||0px||false|false&#8221; custom_margin_last_edited=&#8221;on|desktop&#8221; custom_padding=&#8221;||||false|false&#8221; title_font_size_tablet=&#8221;&#8221; title_font_size_phone=&#8221;23px&#8221; title_font_size_last_edited=&#8221;on|phone&#8221; global_colors_info=&#8221;{}&#8221;][\/et_pb_heading][\/et_pb_column][\/et_pb_row][et_pb_row column_structure=&#8221;3_5,2_5&#8243; use_custom_gutter=&#8221;on&#8221; gutter_width=&#8221;2&#8243; _builder_version=&#8221;4.27.4&#8243; _module_preset=&#8221;_initial&#8221; custom_padding=&#8221;0px|0px|0px|0px|false|true&#8221; custom_padding_tablet=&#8221;0px|0px|100px|0px|false|true&#8221; custom_padding_phone=&#8221;0px|0px|0px|0px|false|true&#8221; global_colors_info=&#8221;{}&#8221;][et_pb_column type=&#8221;3_5&#8243; _builder_version=&#8221;4.27.4&#8243; _module_preset=&#8221;_initial&#8221; custom_padding=&#8221;0px|0px|0px|60px|true|false&#8221; custom_padding_tablet=&#8221;0px|60px|0px|60px|false|true&#8221; custom_padding_phone=&#8221;0px|20px|0px|20px|false|true&#8221; custom_padding_last_edited=&#8221;on|phone&#8221; global_colors_info=&#8221;{}&#8221;][et_pb_heading title=&#8221;Vores tilgang&#8221; _builder_version=&#8221;4.27.4&#8243; _module_preset=&#8221;_initial&#8221; title_font=&#8221;&#8211;et_global_heading_font|600|||||||&#8221; title_text_align=&#8221;left&#8221; title_font_size=&#8221;30px&#8221; custom_margin=&#8221;9px||0px||false|false&#8221; custom_margin_tablet=&#8221;||||false|false&#8221; custom_margin_phone=&#8221;50px||||false|false&#8221; custom_margin_last_edited=&#8221;on|desktop&#8221; custom_padding=&#8221;||7px|||&#8221; title_font_size_tablet=&#8221;&#8221; title_font_size_phone=&#8221;23px&#8221; title_font_size_last_edited=&#8221;on|phone&#8221; global_colors_info=&#8221;{}&#8221;][\/et_pb_heading][et_pb_text _builder_version=&#8221;4.27.4&#8243; _module_preset=&#8221;_initial&#8221; custom_margin=&#8221;19px|||||&#8221; custom_padding=&#8221;||||false|false&#8221; custom_padding_tablet=&#8221;||||false|false&#8221; custom_padding_phone=&#8221;||||false|false&#8221; custom_padding_last_edited=&#8221;on|desktop&#8221; hover_enabled=&#8221;0&#8243; global_colors_info=&#8221;{}&#8221; sticky_enabled=&#8221;0&#8243;]<\/p>\n<p data-start=\"692\" data-end=\"983\">Vi arbejder helhedsorienteret og med udgangspunkt i<span>\u00a0<\/span><strong data-start=\"744\" data-end=\"780\">L\u00d8FT (L\u00f8sningsfokuseret tilgang)<\/strong><span>\u00a0<\/span>\u2013 b\u00e5de i familiebehandlingen og i m\u00f8det med det enkelte menneske. Vores arbejde bygger p\u00e5 respekt, faglighed og et st\u00e6rkt samarbejde, hvor vi ser hele familien som en vigtig del af forandringsprocessen.<\/p>\n<p data-start=\"985\" data-end=\"1355\">Hos Hylleholt Familiefokus tror vi p\u00e5, at den bedste indsats opst\u00e5r i<span>\u00a0<\/span><strong data-start=\"1055\" data-end=\"1076\">tv\u00e6rfaglige teams<\/strong>, hvor flere perspektiver og kompetencer bringes i spil. Vi mener, at det store ansvar, der f\u00f8lger med arbejdet med udsatte b\u00f8rn og familier, bedst l\u00f8ftes i f\u00e6llesskab. Derfor er<span>\u00a0<\/span><strong data-start=\"1255\" data-end=\"1290\">ingen hos os alene om en opgave<\/strong><span>\u00a0<\/span>\u2013 hos Hylleholt Familiefokus er alle indsatser et f\u00e6lles ansvar.<\/p>\n<p data-start=\"72\" data-end=\"245\"><span>Hylleholt Familiefokus er en socialfaglig virksomhed med r\u00f8dder i mere end 20 \u00e5rs erfaring fra det socialp\u00e6dagogiske felt. Vi best\u00e5r af et dedikeret og kompetent team best\u00e5ende af socialr\u00e5dgivere, socialp\u00e6dagoger og psykoterapeuter \u2013 alle med solid praksiserfaring og relevante efteruddannelser og specialkurser.<\/span><\/p>\n<p>[\/et_pb_text][\/et_pb_column][et_pb_column type=&#8221;2_5&#8243; _builder_version=&#8221;4.27.4&#8243; _module_preset=&#8221;_initial&#8221; background_color=&#8221;#E4F2C9&#8243; custom_padding=&#8221;40px|60px|40px|60px|true|true&#8221; border_radii=&#8221;on|20px|20px|20px|20px&#8221; global_colors_info=&#8221;{}&#8221;][et_pb_heading title=&#8221;Det tilbyder vi&#8221; _builder_version=&#8221;4.27.4&#8243; _module_preset=&#8221;_initial&#8221; title_font=&#8221;&#8211;et_global_heading_font|600|||||||&#8221; title_text_align=&#8221;left&#8221; title_font_size=&#8221;30px&#8221; custom_margin=&#8221;9px||0px||false|false&#8221; custom_margin_tablet=&#8221;||||false|false&#8221; custom_margin_phone=&#8221;50px||||false|false&#8221; custom_margin_last_edited=&#8221;on|desktop&#8221; custom_padding=&#8221;||7px|||&#8221; title_font_size_tablet=&#8221;&#8221; title_font_size_phone=&#8221;23px&#8221; title_font_size_last_edited=&#8221;on|phone&#8221; global_colors_info=&#8221;{}&#8221;][\/et_pb_heading][et_pb_text _builder_version=&#8221;4.27.4&#8243; _module_preset=&#8221;default&#8221; custom_padding_tablet=&#8221;&#8221; custom_padding_phone=&#8221;||50px||false|false&#8221; custom_padding_last_edited=&#8221;on|phone&#8221; global_colors_info=&#8221;{}&#8221;]<\/p>\n<p data-start=\"351\" data-end=\"662\">\n<p data-start=\"1387\" data-end=\"1429\">Hos Hylleholt Familiefokus kan vi tilbyde:<\/p>\n<p data-start=\"1387\" data-end=\"1429\">\n<ul data-start=\"1431\" data-end=\"1800\">\n<li data-start=\"1431\" data-end=\"1484\">\n<p data-start=\"1433\" data-end=\"1484\">Erfarne, kompetente og specialiserede konsulenter<\/p>\n<\/li>\n<li data-start=\"1485\" data-end=\"1548\">\n<p data-start=\"1487\" data-end=\"1548\">Tv\u00e6rfaglige teams med h\u00f8j faglig diversitet og stor passion<\/p>\n<\/li>\n<li data-start=\"1549\" data-end=\"1604\">\n<p data-start=\"1551\" data-end=\"1604\">L\u00f8bende effektm\u00e5ling og opf\u00f8lgning p\u00e5 indsatsen<\/p>\n<\/li>\n<li data-start=\"1605\" data-end=\"1651\">\n<p data-start=\"1607\" data-end=\"1651\">H\u00f8j faglighed og grundig dokumentation<\/p>\n<\/li>\n<li data-start=\"1652\" data-end=\"1739\">\n<p data-start=\"1654\" data-end=\"1739\">En anerkendt praksis med dokumenteret kvalitet og en konkurrencedygtig timepris<\/p>\n<\/li>\n<li data-start=\"1740\" data-end=\"1800\">\n<p data-start=\"1742\" data-end=\"1800\">24\/7 kontaktfunktion \u2013 vi er der, n\u00e5r behovet opst\u00e5r<\/p>\n<\/li>\n<\/ul>\n<p>[\/et_pb_text][\/et_pb_column][\/et_pb_row][\/et_pb_section][et_pb_section fb_built=&#8221;1&#8243; custom_padding_last_edited=&#8221;on|phone&#8221; _builder_version=&#8221;4.27.4&#8243; _module_preset=&#8221;default&#8221; custom_padding=&#8221;|60px|0px|60px|false|true&#8221; custom_padding_tablet=&#8221;|60px|0px|60px|false|true&#8221; custom_padding_phone=&#8221;|20px||20px|false|true&#8221; global_colors_info=&#8221;{}&#8221;][et_pb_row _builder_version=&#8221;4.27.4&#8243; _module_preset=&#8221;default&#8221; custom_padding_tablet=&#8221;0px|0px|50px|0px|false|true&#8221; global_colors_info=&#8221;{}&#8221;][et_pb_column type=&#8221;4_4&#8243; _builder_version=&#8221;4.27.4&#8243; _module_preset=&#8221;default&#8221; custom_padding=&#8221;60px|60px|40px|60px|false|true&#8221; custom_padding_tablet=&#8221;60px|60px|40px|60px|false|true&#8221; custom_padding_phone=&#8221;60px|60px|40px|60px|false|true&#8221; custom_padding_last_edited=&#8221;on|phone&#8221; global_colors_info=&#8221;{}&#8221;][et_pb_heading title=&#8221;Kvalitetssikring hos Hylleholt Familiefokus&#8221; _builder_version=&#8221;4.27.4&#8243; _module_preset=&#8221;_initial&#8221; title_font=&#8221;&#8211;et_global_heading_font|600|||||||&#8221; title_text_align=&#8221;left&#8221; title_font_size=&#8221;35px&#8221; custom_margin=&#8221;9px||0px||false|false&#8221; custom_margin_tablet=&#8221;||||false|false&#8221; custom_margin_phone=&#8221;50px||||false|false&#8221; custom_margin_last_edited=&#8221;on|desktop&#8221; custom_padding=&#8221;||7px|||&#8221; title_font_size_tablet=&#8221;&#8221; title_font_size_phone=&#8221;&#8221; title_font_size_last_edited=&#8221;on|tablet&#8221; global_colors_info=&#8221;{}&#8221;][\/et_pb_heading][et_pb_text _builder_version=&#8221;4.27.4&#8243; _module_preset=&#8221;_initial&#8221; custom_margin=&#8221;19px||-7px|||&#8221; custom_padding=&#8221;||0px|||&#8221; global_colors_info=&#8221;{}&#8221;]<\/p>\n<p data-start=\"692\" data-end=\"983\"><span>Hos\u00a0<\/span><strong data-start=\"316\" data-end=\"342\">Hylleholt Familiefokus<\/strong><span>\u00a0g\u00e5r vi aldrig p\u00e5 kompromis med kvaliteten. Vi prioriterer h\u00f8j faglighed, relevante uddannelser og st\u00e6rke menneskelige kvalifikationer hos alle vores medarbejdere. Der indhentes altid referencer ved nyans\u00e6ttelser samt b\u00f8rne- og straffeattest, f\u00f8r en medarbejder p\u00e5begynder opgaver.<\/span><\/p>\n<p>[\/et_pb_text][\/et_pb_column][\/et_pb_row][et_pb_row column_structure=&#8221;1_2,1_2&#8243; _builder_version=&#8221;4.27.4&#8243; _module_preset=&#8221;default&#8221; custom_padding_tablet=&#8221;0px|0px|50px|0px|false|true&#8221; custom_css_free_form=&#8221;.&#8221; global_colors_info=&#8221;{}&#8221;][et_pb_column type=&#8221;1_2&#8243; _builder_version=&#8221;4.27.4&#8243; _module_preset=&#8221;default&#8221; background_color=&#8221;RGBA(255,255,255,0)&#8221; border_radii=&#8221;on|30px|30px|30px|30px&#8221; global_colors_info=&#8221;{}&#8221;][et_pb_heading title=&#8221;Koordinering og ansvar&#8221; _builder_version=&#8221;4.27.4&#8243; _module_preset=&#8221;_initial&#8221; title_font=&#8221;&#8211;et_global_heading_font|600|||||||&#8221; title_text_align=&#8221;left&#8221; title_font_size=&#8221;30px&#8221; custom_margin=&#8221;9px||0px||false|false&#8221; custom_margin_tablet=&#8221;||||false|false&#8221; custom_margin_phone=&#8221;50px||||false|false&#8221; custom_margin_last_edited=&#8221;on|desktop&#8221; custom_padding=&#8221;||7px|||&#8221; title_font_size_tablet=&#8221;&#8221; title_font_size_phone=&#8221;23px&#8221; title_font_size_last_edited=&#8221;on|phone&#8221; global_colors_info=&#8221;{}&#8221;][\/et_pb_heading][et_pb_text _builder_version=&#8221;4.27.4&#8243; _module_preset=&#8221;_initial&#8221; custom_margin=&#8221;19px|||||&#8221; custom_padding=&#8221;||0px|||&#8221; global_colors_info=&#8221;{}&#8221;]<\/p>\n<p data-start=\"662\" data-end=\"804\">Hver enkelt opgave tilknyttes en<span>\u00a0<\/span><strong data-start=\"695\" data-end=\"715\">fast koordinator<\/strong>, der har ansvar for at sikre en<span>\u00a0<\/span><strong data-start=\"748\" data-end=\"775\">relationel koordinering<\/strong><span>\u00a0<\/span>af indsatsen. Det indeb\u00e6rer:<\/p>\n<p data-start=\"662\" data-end=\"804\">\n<ul data-start=\"806\" data-end=\"958\">\n<li data-start=\"806\" data-end=\"827\">\n<p data-start=\"808\" data-end=\"827\">Klare og f\u00e6lles m\u00e5l<\/p>\n<\/li>\n<li data-start=\"828\" data-end=\"863\">\n<p data-start=\"830\" data-end=\"863\">T\u00e6t kommunikation med alle parter<\/p>\n<\/li>\n<li data-start=\"864\" data-end=\"896\">\n<p data-start=\"866\" data-end=\"896\">Hyppig opf\u00f8lgning og justering<\/p>\n<\/li>\n<li data-start=\"897\" data-end=\"958\">\n<p data-start=\"899\" data-end=\"958\">Matchet mellem opgavens kompleksitet og den rette konsulent<\/p>\n<\/li>\n<\/ul>\n<p>[\/et_pb_text][et_pb_heading title=&#8221;Supervision og faglig sparring&#8221; _builder_version=&#8221;4.27.4&#8243; _module_preset=&#8221;_initial&#8221; title_font=&#8221;&#8211;et_global_heading_font|600|||||||&#8221; title_text_align=&#8221;left&#8221; title_font_size=&#8221;30px&#8221; custom_margin=&#8221;9px||0px||false|false&#8221; custom_margin_tablet=&#8221;||||false|false&#8221; custom_margin_phone=&#8221;50px||||false|false&#8221; custom_margin_last_edited=&#8221;on|desktop&#8221; custom_padding=&#8221;||7px|||&#8221; title_font_size_tablet=&#8221;&#8221; title_font_size_phone=&#8221;23px&#8221; title_font_size_last_edited=&#8221;on|phone&#8221; global_colors_info=&#8221;{}&#8221;][\/et_pb_heading][et_pb_text _builder_version=&#8221;4.27.4&#8243; _module_preset=&#8221;_initial&#8221; custom_margin=&#8221;19px||34px|||&#8221; custom_padding=&#8221;||0px|||&#8221; global_colors_info=&#8221;{}&#8221;]<\/p>\n<p data-start=\"662\" data-end=\"804\"><span>Vores konsulenter modtager l\u00f8bende\u00a0<\/span><strong data-start=\"1040\" data-end=\"1073\">intern og ekstern supervision<\/strong><span>\u00a0samt sparring med udgangspunkt i metoden\u00a0<\/span><strong data-start=\"1115\" data-end=\"1140\">Signs of Safety (SOS)<\/strong><span>. SOS anvendes b\u00e5de til at styrke det tv\u00e6rfaglige samarbejde og til at foretage l\u00f8bende\u00a0<\/span><strong data-start=\"1228\" data-end=\"1249\">risikovurderinger<\/strong><span> af barnets sikkerhed gennem hele indsatsperioden.<\/span><\/p>\n<ul data-start=\"806\" data-end=\"958\"><\/ul>\n<p>[\/et_pb_text][\/et_pb_column][et_pb_column type=&#8221;1_2&#8243; _builder_version=&#8221;4.27.4&#8243; _module_preset=&#8221;default&#8221; background_color=&#8221;RGBA(255,255,255,0)&#8221; border_radii=&#8221;on|30px|30px|30px|30px&#8221; global_colors_info=&#8221;{}&#8221;][et_pb_heading title=&#8221; Dokumentation og rapportering&#8221; _builder_version=&#8221;4.27.4&#8243; _module_preset=&#8221;_initial&#8221; title_font=&#8221;&#8211;et_global_heading_font|600|||||||&#8221; title_text_align=&#8221;left&#8221; title_font_size=&#8221;30px&#8221; custom_margin=&#8221;9px||0px||false|false&#8221; custom_margin_tablet=&#8221;||||false|false&#8221; custom_margin_phone=&#8221;50px||||false|false&#8221; custom_margin_last_edited=&#8221;on|desktop&#8221; custom_padding=&#8221;||7px|||&#8221; title_font_size_tablet=&#8221;&#8221; title_font_size_phone=&#8221;23px&#8221; title_font_size_last_edited=&#8221;on|phone&#8221; global_colors_info=&#8221;{}&#8221;][\/et_pb_heading][et_pb_text _builder_version=&#8221;4.27.4&#8243; _module_preset=&#8221;_initial&#8221; custom_margin=&#8221;19px|||||&#8221; custom_padding=&#8221;||0px|||&#8221; global_colors_info=&#8221;{}&#8221;]<\/p>\n<p data-start=\"1345\" data-end=\"1584\">Vi anvender<span>\u00a0<\/span><strong data-start=\"1357\" data-end=\"1395\">Integrated Children\u2019s System (ICS)<\/strong><span>\u00a0<\/span>som ramme for vores<span>\u00a0<\/span><strong data-start=\"1416\" data-end=\"1435\">statusrapporter<\/strong>, hvilket sikrer et f\u00e6lles sprog og struktur i samarbejdet med myndigheder. Statusrapporter udarbejdes som standard hver 3. m\u00e5ned eller efter aftale.<\/p>\n<p data-start=\"1586\" data-end=\"1603\">Derudover har vi:<\/p>\n<ul data-start=\"1605\" data-end=\"1948\">\n<li data-start=\"1605\" data-end=\"1667\">\n<p data-start=\"1607\" data-end=\"1667\"><strong data-start=\"1607\" data-end=\"1621\">Notatpligt<\/strong><span>\u00a0<\/span>ved alle bes\u00f8g og henvendelser fra familier<\/p>\n<\/li>\n<li data-start=\"1668\" data-end=\"1747\">\n<p data-start=\"1670\" data-end=\"1747\">Brug af platformen<span>\u00a0<\/span><strong data-start=\"1689\" data-end=\"1698\">Sofus<\/strong><span>\u00a0<\/span>til dokumentation, planl\u00e6gning og effektm\u00e5ling<\/p>\n<\/li>\n<li data-start=\"1748\" data-end=\"1799\">\n<p data-start=\"1750\" data-end=\"1799\">Krav om opdatering af Sofus-notater hver fredag<\/p>\n<\/li>\n<li data-start=\"1800\" data-end=\"1873\">\n<p data-start=\"1802\" data-end=\"1873\">Mulighed for<span>\u00a0<\/span><strong data-start=\"1815\" data-end=\"1829\">dataudtr\u00e6k<\/strong><span>\u00a0<\/span>og oversigter over relevante henvendelser<\/p>\n<\/li>\n<li data-start=\"1874\" data-end=\"1948\">\n<p data-start=\"1876\" data-end=\"1948\">L\u00f8bende<span>\u00a0<\/span><strong data-start=\"1884\" data-end=\"1913\">kurser og opkvalificering<\/strong><span>\u00a0<\/span>i brugen af Sofus for alle ansatte<\/p>\n<\/li>\n<\/ul>\n<p data-start=\"1950\" data-end=\"2137\">Vi er i gang med at<span>\u00a0<\/span><strong data-start=\"1970\" data-end=\"1999\">styrke vores effektm\u00e5ling<\/strong><span>\u00a0<\/span>yderligere for at skabe st\u00f8rre gennemsigtighed over indsatsens virkning \u2013 til gavn for b\u00e5de borgeren, konsulenten og samarbejdspartnerne.<\/p>\n<ul data-start=\"806\" data-end=\"958\"><\/ul>\n<p>[\/et_pb_text][\/et_pb_column][\/et_pb_row][\/et_pb_section][et_pb_section fb_built=&#8221;1&#8243; custom_padding_last_edited=&#8221;on|phone&#8221; _builder_version=&#8221;4.27.4&#8243; _module_preset=&#8221;45545ba8-128d-4f78-912b-b049946e05aa&#8221; background_color=&#8221;#FFFDF7&#8243; z_index=&#8221;500&#8243; custom_margin=&#8221;84px||-23px||false|false&#8221; custom_margin_tablet=&#8221;0px||||false|false&#8221; custom_margin_phone=&#8221;0px||||false|false&#8221; custom_margin_last_edited=&#8221;on|tablet&#8221; custom_padding=&#8221;0px|60px|99px|60px|false|true&#8221; custom_padding_tablet=&#8221;0px|60px||60px|false|true&#8221; custom_padding_phone=&#8221;|20px||20px|false|true&#8221; border_radii=&#8221;on|20px|20px|20px|20px&#8221; global_colors_info=&#8221;{}&#8221;][et_pb_row column_structure=&#8221;1_3,1_3,1_3&#8243; use_custom_gutter=&#8221;on&#8221; gutter_width=&#8221;2&#8243; make_equal=&#8221;on&#8221; _builder_version=&#8221;4.27.4&#8243; _module_preset=&#8221;f1fbc618-bf80-408e-a8ee-8d567b133725&#8243; custom_margin=&#8221;||||false|false&#8221; custom_margin_tablet=&#8221;||||false|true&#8221; custom_margin_phone=&#8221;||||false|true&#8221; custom_margin_last_edited=&#8221;on|tablet&#8221; custom_padding_phone=&#8221;14px|0px|0px|0px|false|true&#8221; global_colors_info=&#8221;{}&#8221;][et_pb_column type=&#8221;1_3&#8243; _builder_version=&#8221;4.27.4&#8243; _module_preset=&#8221;8e082107-02ad-4486-9fed-b7644d8516ac&#8221; background_color=&#8221;#E4F2C9&#8243; custom_padding=&#8221;60px|20px|60px|20px|true|true&#8221; custom_padding_tablet=&#8221;60px||60px||true|true&#8221; custom_padding_phone=&#8221;40px|20px|40px|20px|true|true&#8221; custom_padding_last_edited=&#8221;on|phone&#8221; border_radii=&#8221;on|20px|20px|20px|20px&#8221; border_width_all=&#8221;2px&#8221; border_color_all=&#8221;RGBA(255,255,255,0)&#8221; global_colors_info=&#8221;{}&#8221;][et_pb_icon font_icon=&#8221;&#xf52b;||fa||900&#8243; icon_color=&#8221;gcid-5963bc99-3645-4e2c-a860-6b12c9d8b9e4&#8243; icon_width=&#8221;50px&#8221; font_icon_tablet=&#8221;\uf52b||fa||900&#8243; font_icon_phone=&#8221;\uf52b||fa||900&#8243; font_icon_last_edited=&#8221;on|desktop&#8221; _builder_version=&#8221;4.27.4&#8243; _module_preset=&#8221;default&#8221; position_origin_a=&#8221;top_center&#8221; vertical_offset=&#8221;225px&#8221; custom_margin=&#8221;||50px|||&#8221; global_colors_info=&#8221;{%22gcid-5963bc99-3645-4e2c-a860-6b12c9d8b9e4%22:%91%22icon_color%22%93}&#8221;][\/et_pb_icon][et_pb_heading title=&#8221;Tilg\u00e6ngelighed&#8221; _builder_version=&#8221;4.27.4&#8243; _module_preset=&#8221;d306a719-b917-42b9-bce0-23786dc2d0a6&#8243; title_level=&#8221;h3&#8243; title_font=&#8221;&#8211;et_global_heading_font|600|||||||&#8221; title_text_align=&#8221;center&#8221; title_font_size=&#8221;32px&#8221; custom_margin=&#8221;||16px|||&#8221; title_font_size_tablet=&#8221;32px&#8221; title_font_size_phone=&#8221;32px&#8221; title_font_size_last_edited=&#8221;on|phone&#8221; global_colors_info=&#8221;{}&#8221;][\/et_pb_heading][et_pb_text _builder_version=&#8221;4.27.4&#8243; _module_preset=&#8221;835435c7-534b-42af-9539-fade372c8c15&#8243; text_orientation=&#8221;center&#8221; global_colors_info=&#8221;{%22gcid-8e0f1514-5d38-42fd-81b1-b6f086f0c8dd%22:%91%22header_4_text_color%22,%22header_4_text_color%22,%22header_4_text_color%22%93}&#8221;]<\/p>\n<p><span>Vi er til stede, n\u00e5r behovet opst\u00e5r. Vi er p\u00e5lidelige og fleksible i enhver relation.<\/span><\/p>\n<p>[\/et_pb_text][\/et_pb_column][et_pb_column type=&#8221;1_3&#8243; _builder_version=&#8221;4.27.4&#8243; _module_preset=&#8221;8e082107-02ad-4486-9fed-b7644d8516ac&#8221; background_color=&#8221;#E4F2C9&#8243; custom_padding=&#8221;60px|20px|60px|20px|true|true&#8221; custom_padding_tablet=&#8221;60px||60px||true|true&#8221; custom_padding_phone=&#8221;40px|20px|40px|20px|true|true&#8221; custom_padding_last_edited=&#8221;on|phone&#8221; border_radii=&#8221;on|20px|20px|20px|20px&#8221; border_width_all=&#8221;2px&#8221; border_color_all=&#8221;RGBA(255,255,255,0)&#8221; global_colors_info=&#8221;{}&#8221;][et_pb_icon font_icon=&#8221;&#xf004;||fa||900&#8243; icon_color=&#8221;gcid-5963bc99-3645-4e2c-a860-6b12c9d8b9e4&#8243; icon_width=&#8221;50px&#8221; _builder_version=&#8221;4.27.4&#8243; _module_preset=&#8221;default&#8221; custom_margin=&#8221;||50px|||&#8221; global_colors_info=&#8221;{%22gcid-5963bc99-3645-4e2c-a860-6b12c9d8b9e4%22:%91%22icon_color%22%93}&#8221;][\/et_pb_icon][et_pb_heading title=&#8221;Kontinuitet&#8221; _builder_version=&#8221;4.27.4&#8243; _module_preset=&#8221;d306a719-b917-42b9-bce0-23786dc2d0a6&#8243; title_level=&#8221;h3&#8243; title_font=&#8221;&#8211;et_global_heading_font|600|||||||&#8221; title_text_align=&#8221;center&#8221; title_font_size=&#8221;32px&#8221; custom_margin=&#8221;||16px|||&#8221; title_font_size_tablet=&#8221;32px&#8221; title_font_size_phone=&#8221;32px&#8221; title_font_size_last_edited=&#8221;on|phone&#8221; global_colors_info=&#8221;{}&#8221;][\/et_pb_heading][et_pb_text _builder_version=&#8221;4.27.4&#8243; _module_preset=&#8221;835435c7-534b-42af-9539-fade372c8c15&#8243; text_orientation=&#8221;center&#8221; global_colors_info=&#8221;{%22gcid-8e0f1514-5d38-42fd-81b1-b6f086f0c8dd%22:%91%22header_4_text_color%22,%22header_4_text_color%22,%22header_4_text_color%22%93}&#8221;]<\/p>\n<p><span>Vi er bevidste om vores rolle i relationen og f\u00f8lger op p\u00e5 alle Barnets Planer og beslutninger.<\/span><\/p>\n<p>[\/et_pb_text][\/et_pb_column][et_pb_column type=&#8221;1_3&#8243; _builder_version=&#8221;4.27.4&#8243; _module_preset=&#8221;8e082107-02ad-4486-9fed-b7644d8516ac&#8221; background_color=&#8221;#E4F2C9&#8243; custom_padding=&#8221;60px|20px|60px|20px|true|true&#8221; custom_padding_tablet=&#8221;60px||60px||true|true&#8221; custom_padding_phone=&#8221;40px|20px|40px|20px|true|true&#8221; custom_padding_last_edited=&#8221;on|phone&#8221; border_radii=&#8221;on|20px|20px|20px|20px&#8221; border_width_all=&#8221;2px&#8221; border_color_all=&#8221;RGBA(255,255,255,0)&#8221; global_colors_info=&#8221;{}&#8221;][et_pb_icon font_icon=&#8221;&#xf4c4;||fa||900&#8243; icon_color=&#8221;gcid-5963bc99-3645-4e2c-a860-6b12c9d8b9e4&#8243; icon_width=&#8221;50px&#8221; _builder_version=&#8221;4.27.4&#8243; _module_preset=&#8221;default&#8221; custom_margin=&#8221;||50px|||&#8221; locked=&#8221;off&#8221; global_colors_info=&#8221;{%22gcid-5963bc99-3645-4e2c-a860-6b12c9d8b9e4%22:%91%22icon_color%22%93}&#8221;][\/et_pb_icon][et_pb_heading title=&#8221;Anvendelighed&#8221; _builder_version=&#8221;4.27.4&#8243; _module_preset=&#8221;d306a719-b917-42b9-bce0-23786dc2d0a6&#8243; title_level=&#8221;h3&#8243; title_font=&#8221;&#8211;et_global_heading_font|600|||||||&#8221; title_text_align=&#8221;center&#8221; title_font_size=&#8221;32px&#8221; custom_margin=&#8221;||16px|||&#8221; title_font_size_tablet=&#8221;32px&#8221; title_font_size_phone=&#8221;32px&#8221; title_font_size_last_edited=&#8221;on|phone&#8221; locked=&#8221;off&#8221; global_colors_info=&#8221;{}&#8221;][\/et_pb_heading][et_pb_text _builder_version=&#8221;4.27.4&#8243; _module_preset=&#8221;835435c7-534b-42af-9539-fade372c8c15&#8243; text_orientation=&#8221;center&#8221; locked=&#8221;off&#8221; global_colors_info=&#8221;{%22gcid-8e0f1514-5d38-42fd-81b1-b6f086f0c8dd%22:%91%22header_4_text_color%22,%22header_4_text_color%22,%22header_4_text_color%22%93}&#8221;]<\/p>\n<p><span>Vi tilpasser teori og metode i relations arbejdet, s\u00e5 det er direkte anvendeligt for den enkelte.<\/span><\/p>\n<p>[\/et_pb_text][\/et_pb_column][\/et_pb_row][\/et_pb_section][et_pb_section fb_built=&#8221;1&#8243; _builder_version=&#8221;4.27.4&#8243; _module_preset=&#8221;default&#8221; background_color=&#8221;#092125&#8243; custom_padding=&#8221;25px||0px|||&#8221; global_colors_info=&#8221;{}&#8221;][et_pb_row _builder_version=&#8221;4.27.4&#8243; _module_preset=&#8221;default&#8221; custom_padding=&#8221;50px|250px|50px|250px|true|true&#8221; custom_padding_tablet=&#8221;50px|50px|50px|50px|true|true&#8221; custom_padding_phone=&#8221;50px|20px|50px|20px|true|true&#8221; global_colors_info=&#8221;{}&#8221;][et_pb_column type=&#8221;4_4&#8243; _builder_version=&#8221;4.27.4&#8243; _module_preset=&#8221;default&#8221; global_colors_info=&#8221;{}&#8221;][et_pb_text _builder_version=&#8221;4.27.4&#8243; _module_preset=&#8221;default&#8221; text_font=&#8221;&#8211;et_global_body_font|600|||||||&#8221; text_text_color=&#8221;#FFFDF7&#8243; text_font_size=&#8221;26px&#8221; text_orientation=&#8221;center&#8221; custom_margin=&#8221;||14px|||&#8221; text_font_size_tablet=&#8221;22px&#8221; text_font_size_phone=&#8221;22px&#8221; text_font_size_last_edited=&#8221;on|phone&#8221; global_colors_info=&#8221;{}&#8221;]<\/p>\n<h2><strong><span style=\"color: #e4f2c9;\">Respekt<\/span><\/strong><\/h2>\n<p><strong><span style=\"color: #e4f2c9;\"><\/span><\/strong><\/p>\n<p>Vi tror p\u00e5, at alle har ressourcer og kompetencer. Vi g\u00f8r os ikke til dommer over det gode liv, men behandler alle mennesker som ligev\u00e6rdige uanset kulturelle, religi\u00f8se eller sociale forskelle. Hylleholt Familiefokus varetager praktisk p\u00e6dagogisk st\u00f8tte, familiebehandling, st\u00f8tte og overv\u00e5get samv\u00e6r, mor\/barn projekter samt st\u00f8tte\/kontaktperson forl\u00f8b.<\/p>\n<p>[\/et_pb_text][\/et_pb_column][\/et_pb_row][\/et_pb_section][et_pb_section fb_built=&#8221;1&#8243; custom_padding_last_edited=&#8221;on|tablet&#8221; _builder_version=&#8221;4.27.4&#8243; _module_preset=&#8221;_initial&#8221; z_index=&#8221;500&#8243; custom_margin=&#8221;-20px||||false|false&#8221; custom_padding=&#8221;81px|60px|100px|60px|false|true&#8221; custom_padding_tablet=&#8221;|20px||20px|false|true&#8221; custom_padding_phone=&#8221;&#8221; border_radii=&#8221;on|20px|20px|20px|20px&#8221; global_colors_info=&#8221;{}&#8221;][et_pb_row column_structure=&#8221;3_5,2_5&#8243; use_custom_gutter=&#8221;on&#8221; gutter_width=&#8221;1&#8243; make_equal=&#8221;on&#8221; _builder_version=&#8221;4.27.4&#8243; _module_preset=&#8221;_initial&#8221; custom_margin=&#8221;||||false|true&#8221; custom_padding=&#8221;0px||0px||false|true&#8221; border_radii=&#8221;on|20px|20px|20px|20px&#8221; global_colors_info=&#8221;{}&#8221;][et_pb_column type=&#8221;3_5&#8243; _builder_version=&#8221;4.27.4&#8243; _module_preset=&#8221;_initial&#8221; background_enable_color=&#8221;off&#8221; background_image=&#8221;https:\/\/detsocialfagligehus.dk\/wp-content\/uploads\/2025\/08\/pexels-hotaru-1104014-scaled.jpg&#8221; custom_padding=&#8221;0px|0px|0px|0px|true|true&#8221; custom_css_free_form=&#8221;selector {||  height: 300px;||}&#8221; global_colors_info=&#8221;{}&#8221;][\/et_pb_column][et_pb_column type=&#8221;2_5&#8243; _builder_version=&#8221;4.27.4&#8243; _module_preset=&#8221;_initial&#8221; background_color=&#8221;#E4F2C9&#8243; custom_padding=&#8221;0px|60px|0px|60px|true|true&#8221; custom_css_free_form=&#8221;selector {||  height: 300px;||  display: flex;||  flex-direction: column;||  justify-content: center;||  padding-left: 50px;||  padding-right: 50px;||||}||@media (max-width: 767px) {||  .selector {||    height: 200px;||    padding-left: 20px;||    padding-right: 20px;||  }||}&#8221; global_colors_info=&#8221;{}&#8221;][et_pb_heading title=&#8221;Kontakt os idag&#8221; _builder_version=&#8221;4.27.4&#8243; _module_preset=&#8221;_initial&#8221; title_font=&#8221;&#8211;et_global_heading_font|600|||||||&#8221; global_colors_info=&#8221;{}&#8221;][\/et_pb_heading][et_pb_button button_url=&#8221;https:\/\/detsocialfagligehus.dk\/index.php\/119-2\/&#8221; button_text=&#8221;Kontakt ledelsen &#8221; _builder_version=&#8221;4.27.4&#8243; _module_preset=&#8221;c23677cd-b3f3-4697-917d-c779dcbb3621&#8243; custom_css_free_form=&#8221;.selector {||  display: flex;||  flex-direction: row;||}&#8221; global_colors_info=&#8221;{}&#8221;][\/et_pb_button][\/et_pb_column][\/et_pb_row][\/et_pb_section]<\/p>\n","protected":false},"excerpt":{"rendered":"<p>Vi arbejder helhedsorienteret og med udgangspunkt i\u00a0L\u00d8FT (L\u00f8sningsfokuseret tilgang)\u00a0\u2013 b\u00e5de i familiebehandlingen og i m\u00f8det med det enkelte menneske. Vores arbejde bygger p\u00e5 respekt, faglighed og et st\u00e6rkt samarbejde, hvor vi ser hele familien som en vigtig del af forandringsprocessen. Hos Hylleholt Familiefokus tror vi p\u00e5, at den bedste indsats opst\u00e5r i\u00a0tv\u00e6rfaglige teams, hvor flere [&hellip;]<\/p>\n","protected":false},"author":1,"featured_media":0,"parent":0,"menu_order":0,"comment_status":"closed","ping_status":"closed","template":"","meta":{"_et_pb_use_builder":"on","_et_pb_old_content":"","_et_gb_content_width":"","footnotes":""},"class_list":["post-308","page","type-page","status-publish","hentry"],"yoast_head":"<!-- This site is optimized with the Yoast SEO plugin v25.5 - https:\/\/yoast.com\/wordpress\/plugins\/seo\/ -->\n<title>Om Hylleholt - Hylleholt Familiefokus<\/title>\n<meta name=\"robots\" content=\"index, follow, max-snippet:-1, max-image-preview:large, max-video-preview:-1\" \/>\n<link rel=\"canonical\" href=\"https:\/\/detsocialfagligehus.dk\/index.php\/om-hylleholt\/\" \/>\n<meta property=\"og:locale\" content=\"en_US\" \/>\n<meta property=\"og:type\" content=\"article\" \/>\n<meta property=\"og:title\" content=\"Om Hylleholt - Hylleholt Familiefokus\" \/>\n<meta property=\"og:description\" content=\"Vi arbejder helhedsorienteret og med udgangspunkt i\u00a0L\u00d8FT (L\u00f8sningsfokuseret tilgang)\u00a0\u2013 b\u00e5de i familiebehandlingen og i m\u00f8det med det enkelte menneske. Vores arbejde bygger p\u00e5 respekt, faglighed og et st\u00e6rkt samarbejde, hvor vi ser hele familien som en vigtig del af forandringsprocessen. Hos Hylleholt Familiefokus tror vi p\u00e5, at den bedste indsats opst\u00e5r i\u00a0tv\u00e6rfaglige teams, hvor flere [&hellip;]\" \/>\n<meta property=\"og:url\" content=\"https:\/\/detsocialfagligehus.dk\/index.php\/om-hylleholt\/\" \/>\n<meta property=\"og:site_name\" content=\"Hylleholt Familiefokus\" \/>\n<meta property=\"article:modified_time\" content=\"2025-08-31T17:31:10+00:00\" \/>\n<meta name=\"twitter:card\" content=\"summary_large_image\" \/>\n<meta name=\"twitter:label1\" content=\"Est. reading time\" \/>\n\t<meta name=\"twitter:data1\" content=\"15 minutes\" \/>\n<script type=\"application\/ld+json\" class=\"yoast-schema-graph\">{\"@context\":\"https:\/\/schema.org\",\"@graph\":[{\"@type\":\"WebPage\",\"@id\":\"https:\/\/detsocialfagligehus.dk\/index.php\/om-hylleholt\/\",\"url\":\"https:\/\/detsocialfagligehus.dk\/index.php\/om-hylleholt\/\",\"name\":\"Om Hylleholt - Hylleholt Familiefokus\",\"isPartOf\":{\"@id\":\"https:\/\/detsocialfagligehus.dk\/#website\"},\"datePublished\":\"2025-07-11T15:39:00+00:00\",\"dateModified\":\"2025-08-31T17:31:10+00:00\",\"breadcrumb\":{\"@id\":\"https:\/\/detsocialfagligehus.dk\/index.php\/om-hylleholt\/#breadcrumb\"},\"inLanguage\":\"en-US\",\"potentialAction\":[{\"@type\":\"ReadAction\",\"target\":[\"https:\/\/detsocialfagligehus.dk\/index.php\/om-hylleholt\/\"]}]},{\"@type\":\"BreadcrumbList\",\"@id\":\"https:\/\/detsocialfagligehus.dk\/index.php\/om-hylleholt\/#breadcrumb\",\"itemListElement\":[{\"@type\":\"ListItem\",\"position\":1,\"name\":\"Home\",\"item\":\"https:\/\/detsocialfagligehus.dk\/\"},{\"@type\":\"ListItem\",\"position\":2,\"name\":\"Om Hylleholt\"}]},{\"@type\":\"WebSite\",\"@id\":\"https:\/\/detsocialfagligehus.dk\/#website\",\"url\":\"https:\/\/detsocialfagligehus.dk\/\",\"name\":\"Hylleholt Familiefokus\",\"description\":\"\",\"potentialAction\":[{\"@type\":\"SearchAction\",\"target\":{\"@type\":\"EntryPoint\",\"urlTemplate\":\"https:\/\/detsocialfagligehus.dk\/?s={search_term_string}\"},\"query-input\":{\"@type\":\"PropertyValueSpecification\",\"valueRequired\":true,\"valueName\":\"search_term_string\"}}],\"inLanguage\":\"en-US\"}]}<\/script>\n<!-- \/ Yoast SEO plugin. -->","yoast_head_json":{"title":"Om Hylleholt - Hylleholt Familiefokus","robots":{"index":"index","follow":"follow","max-snippet":"max-snippet:-1","max-image-preview":"max-image-preview:large","max-video-preview":"max-video-preview:-1"},"canonical":"https:\/\/detsocialfagligehus.dk\/index.php\/om-hylleholt\/","og_locale":"en_US","og_type":"article","og_title":"Om Hylleholt - Hylleholt Familiefokus","og_description":"Vi arbejder helhedsorienteret og med udgangspunkt i\u00a0L\u00d8FT (L\u00f8sningsfokuseret tilgang)\u00a0\u2013 b\u00e5de i familiebehandlingen og i m\u00f8det med det enkelte menneske. Vores arbejde bygger p\u00e5 respekt, faglighed og et st\u00e6rkt samarbejde, hvor vi ser hele familien som en vigtig del af forandringsprocessen. Hos Hylleholt Familiefokus tror vi p\u00e5, at den bedste indsats opst\u00e5r i\u00a0tv\u00e6rfaglige teams, hvor flere [&hellip;]","og_url":"https:\/\/detsocialfagligehus.dk\/index.php\/om-hylleholt\/","og_site_name":"Hylleholt Familiefokus","article_modified_time":"2025-08-31T17:31:10+00:00","twitter_card":"summary_large_image","twitter_misc":{"Est. reading time":"15 minutes"},"schema":{"@context":"https:\/\/schema.org","@graph":[{"@type":"WebPage","@id":"https:\/\/detsocialfagligehus.dk\/index.php\/om-hylleholt\/","url":"https:\/\/detsocialfagligehus.dk\/index.php\/om-hylleholt\/","name":"Om Hylleholt - Hylleholt Familiefokus","isPartOf":{"@id":"https:\/\/detsocialfagligehus.dk\/#website"},"datePublished":"2025-07-11T15:39:00+00:00","dateModified":"2025-08-31T17:31:10+00:00","breadcrumb":{"@id":"https:\/\/detsocialfagligehus.dk\/index.php\/om-hylleholt\/#breadcrumb"},"inLanguage":"en-US","potentialAction":[{"@type":"ReadAction","target":["https:\/\/detsocialfagligehus.dk\/index.php\/om-hylleholt\/"]}]},{"@type":"BreadcrumbList","@id":"https:\/\/detsocialfagligehus.dk\/index.php\/om-hylleholt\/#breadcrumb","itemListElement":[{"@type":"ListItem","position":1,"name":"Home","item":"https:\/\/detsocialfagligehus.dk\/"},{"@type":"ListItem","position":2,"name":"Om Hylleholt"}]},{"@type":"WebSite","@id":"https:\/\/detsocialfagligehus.dk\/#website","url":"https:\/\/detsocialfagligehus.dk\/","name":"Hylleholt Familiefokus","description":"","potentialAction":[{"@type":"SearchAction","target":{"@type":"EntryPoint","urlTemplate":"https:\/\/detsocialfagligehus.dk\/?s={search_term_string}"},"query-input":{"@type":"PropertyValueSpecification","valueRequired":true,"valueName":"search_term_string"}}],"inLanguage":"en-US"}]}},"_links":{"self":[{"href":"https:\/\/detsocialfagligehus.dk\/index.php\/wp-json\/wp\/v2\/pages\/308","targetHints":{"allow":["GET"]}}],"collection":[{"href":"https:\/\/detsocialfagligehus.dk\/index.php\/wp-json\/wp\/v2\/pages"}],"about":[{"href":"https:\/\/detsocialfagligehus.dk\/index.php\/wp-json\/wp\/v2\/types\/page"}],"author":[{"embeddable":true,"href":"https:\/\/detsocialfagligehus.dk\/index.php\/wp-json\/wp\/v2\/users\/1"}],"replies":[{"embeddable":true,"href":"https:\/\/detsocialfagligehus.dk\/index.php\/wp-json\/wp\/v2\/comments?post=308"}],"version-history":[{"count":29,"href":"https:\/\/detsocialfagligehus.dk\/index.php\/wp-json\/wp\/v2\/pages\/308\/revisions"}],"predecessor-version":[{"id":1261,"href":"https:\/\/detsocialfagligehus.dk\/index.php\/wp-json\/wp\/v2\/pages\/308\/revisions\/1261"}],"wp:attachment":[{"href":"https:\/\/detsocialfagligehus.dk\/index.php\/wp-json\/wp\/v2\/media?parent=308"}],"curies":[{"name":"wp","href":"https:\/\/api.w.org\/{rel}","templated":true}]}}