{"id":862,"date":"2025-08-01T08:11:27","date_gmt":"2025-08-01T08:11:27","guid":{"rendered":"https:\/\/staging.detsocialfagligehus.dk\/?page_id=862"},"modified":"2025-09-07T16:34:05","modified_gmt":"2025-09-07T16:34:05","slug":"familiebehandling","status":"publish","type":"page","link":"https:\/\/detsocialfagligehus.dk\/index.php\/familiebehandling\/","title":{"rendered":"Familiebehandling"},"content":{"rendered":"<p>[et_pb_section fb_built=&#8221;1&#8243; custom_padding_last_edited=&#8221;on|desktop&#8221; _builder_version=&#8221;4.27.4&#8243; _module_preset=&#8221;e5693514-a99b-4ada-917d-61ec2b4c2571&#8243; custom_padding=&#8221;|60px|3px|60px|false|true&#8221; custom_padding_tablet=&#8221;|20px||20px|false|true&#8221; custom_padding_phone=&#8221;|20px||20px|false|true&#8221; global_colors_info=&#8221;{}&#8221;][et_pb_row use_custom_gutter=&#8221;on&#8221; gutter_width=&#8221;1&#8243; _builder_version=&#8221;4.27.4&#8243; _module_preset=&#8221;8c100bc2-6ba8-4eab-aa58-e701686945d7&#8243; background_color=&#8221;#FFFDF7&#8243; custom_padding=&#8221;0px|60px|0px|60px|false|true&#8221; custom_padding_tablet=&#8221;0px|60px|0px|60px|false|true&#8221; custom_padding_phone=&#8221;0px|0px|0px|0px|false|true&#8221; global_colors_info=&#8221;{}&#8221;][et_pb_column type=&#8221;4_4&#8243; _builder_version=&#8221;4.27.4&#8243; _module_preset=&#8221;009b363e-8c82-4890-9876-39587855c090&#8243; background_color=&#8221;#FFFDF7&#8243; custom_padding=&#8221;0px|0px|0px|0px|true|true&#8221; global_colors_info=&#8221;{}&#8221;][et_pb_heading title=&#8221;Familiebehandling&#8221; _builder_version=&#8221;4.27.4&#8243; _module_preset=&#8221;99381fb0-2362-4bdd-9388-cd23da1533fb&#8221; title_level=&#8221;h1&#8243; title_font=&#8221;&#8211;et_global_heading_font|600|||||||&#8221; title_text_align=&#8221;left&#8221; title_font_size=&#8221;50px&#8221; background_color=&#8221;#FFFDF7&#8243; custom_margin=&#8221;0px||0px||false|false&#8221; custom_margin_tablet=&#8221;50px||20px||false|false&#8221; custom_margin_phone=&#8221;50px||-20px||false|false&#8221; custom_margin_last_edited=&#8221;on|phone&#8221; title_font_size_tablet=&#8221;48px&#8221; title_font_size_phone=&#8221;48px&#8221; title_font_size_last_edited=&#8221;on|phone&#8221; global_colors_info=&#8221;{}&#8221;][\/et_pb_heading][et_pb_heading title=&#8221;Familiebehandling jf. BL \u00a7 32, stk. 1, nr. 5&#8243; _builder_version=&#8221;4.27.4&#8243; _module_preset=&#8221;99381fb0-2362-4bdd-9388-cd23da1533fb&#8221; title_font=&#8221;&#8211;et_global_heading_font|600|||||||&#8221; title_text_align=&#8221;left&#8221; title_font_size=&#8221;30px&#8221; background_color=&#8221;#FFFDF7&#8243; custom_margin=&#8221;9px||0px||false|false&#8221; custom_margin_tablet=&#8221;||||false|false&#8221; custom_margin_phone=&#8221;50px||||false|false&#8221; custom_margin_last_edited=&#8221;on|desktop&#8221; custom_padding=&#8221;||49px|||&#8221; title_font_size_tablet=&#8221;&#8221; title_font_size_phone=&#8221;23px&#8221; title_font_size_last_edited=&#8221;on|phone&#8221; global_colors_info=&#8221;{}&#8221;][\/et_pb_heading][et_pb_heading title=&#8221;Familiebehandling hos Hylleholt Familiefokus&#8221; _builder_version=&#8221;4.27.4&#8243; _module_preset=&#8221;99381fb0-2362-4bdd-9388-cd23da1533fb&#8221; title_font=&#8221;&#8211;et_global_heading_font|600|||||||&#8221; title_text_align=&#8221;left&#8221; title_font_size=&#8221;35px&#8221; background_color=&#8221;#FFFDF7&#8243; min_height=&#8221;46px&#8221; custom_margin=&#8221;0px||0px||false|false&#8221; custom_margin_tablet=&#8221;||||false|false&#8221; custom_margin_phone=&#8221;||||false|false&#8221; custom_margin_last_edited=&#8221;on|phone&#8221; title_font_size_tablet=&#8221;35px&#8221; title_font_size_phone=&#8221;23px&#8221; title_font_size_last_edited=&#8221;on|phone&#8221; global_colors_info=&#8221;{}&#8221;][\/et_pb_heading][et_pb_text _builder_version=&#8221;4.27.4&#8243; _module_preset=&#8221;83516326-f0b0-40e6-bd3d-393d2eacd37e&#8221; header_2_font_size=&#8221;30px&#8221; background_color=&#8221;#FFFDF7&#8243; custom_margin=&#8221;7px|||0px|false|false&#8221; custom_margin_tablet=&#8221;||50px||false|false&#8221; custom_margin_phone=&#8221;7px|||0px|false|false&#8221; custom_margin_last_edited=&#8221;on|phone&#8221; custom_padding=&#8221;||4px|||&#8221; global_colors_info=&#8221;{}&#8221;]<\/p>\n<p>Hos<span>\u00a0<\/span><strong>Hylleholt Familiefokus<\/strong><span>\u00a0<\/span>tilbyder vi familiebehandling i familiens eget hjem. Derudover har vi mulighed for at afholde samtaler og samspils\u00f8velser i vores egne lokaler, hvis det vurderes hensigtsm\u00e6ssigt.<\/p>\n<p>[\/et_pb_text][\/et_pb_column][\/et_pb_row][et_pb_row column_structure=&#8221;1_2,1_2&#8243; use_custom_gutter=&#8221;on&#8221; gutter_width=&#8221;1&#8243; _builder_version=&#8221;4.27.4&#8243; _module_preset=&#8221;default&#8221; hover_enabled=&#8221;0&#8243; global_colors_info=&#8221;{}&#8221; custom_css_free_form=&#8221;.&#8221; sticky_enabled=&#8221;0&#8243;][et_pb_column type=&#8221;1_2&#8243; _builder_version=&#8221;4.27.4&#8243; _module_preset=&#8221;default&#8221; hover_enabled=&#8221;0&#8243; border_radii=&#8221;on|55px|55px|55px|55px&#8221; global_colors_info=&#8221;{}&#8221; background_enable_color=&#8221;off&#8221; sticky_enabled=&#8221;0&#8243;][et_pb_image src=&#8221;https:\/\/detsocialfagligehus.dk\/wp-content\/uploads\/2025\/08\/pexels-charles-parker-5859225-scaled.jpg&#8221; alt=&#8221;Familiebehandling&#8221; title_text=&#8221;Familiebehandling&#8221; _builder_version=&#8221;4.27.4&#8243; _module_preset=&#8221;default&#8221; border_radii=&#8221;on|20px|20px|20px|20px&#8221; global_colors_info=&#8221;{}&#8221;][\/et_pb_image][\/et_pb_column][et_pb_column type=&#8221;1_2&#8243; _builder_version=&#8221;4.27.4&#8243; _module_preset=&#8221;default&#8221; background_color=&#8221;#FFFDF7&#8243; global_colors_info=&#8221;{}&#8221;][et_pb_heading title=&#8221;Vores tilgang&#8221; _builder_version=&#8221;4.27.4&#8243; _module_preset=&#8221;99381fb0-2362-4bdd-9388-cd23da1533fb&#8221; title_font=&#8221;&#8211;et_global_heading_font|600|||||||&#8221; title_text_align=&#8221;left&#8221; title_font_size=&#8221;35px&#8221; custom_margin=&#8221;0px||0px||false|false&#8221; custom_margin_tablet=&#8221;100px||||false|false&#8221; custom_margin_phone=&#8221;50px||0px||false|false&#8221; custom_margin_last_edited=&#8221;on|phone&#8221; title_font_size_tablet=&#8221;35px&#8221; title_font_size_phone=&#8221;23px&#8221; title_font_size_last_edited=&#8221;on|phone&#8221; global_colors_info=&#8221;{}&#8221;][\/et_pb_heading][et_pb_text _builder_version=&#8221;4.27.4&#8243; _module_preset=&#8221;83516326-f0b0-40e6-bd3d-393d2eacd37e&#8221; header_2_font_size=&#8221;30px&#8221; custom_margin=&#8221;7px||30px|||&#8221; custom_padding=&#8221;||4px|||&#8221; global_colors_info=&#8221;{}&#8221;]Vi arbejder<span>\u00a0<\/span><strong>relations- og helhedsorienteret<\/strong><span>\u00a0<\/span>med udgangspunkt i en<span>\u00a0<\/span><strong>narrativ tilgang<\/strong>, hvor familiens fort\u00e6llinger, ressourcer og relationer er i fokus.[\/et_pb_text][et_pb_heading title=&#8221;Form\u00e5l med familiebehandlingen&#8221; _builder_version=&#8221;4.27.4&#8243; _module_preset=&#8221;99381fb0-2362-4bdd-9388-cd23da1533fb&#8221; title_font=&#8221;&#8211;et_global_heading_font|600|||||||&#8221; title_text_align=&#8221;left&#8221; title_font_size=&#8221;30px&#8221; custom_margin=&#8221;0px||0px||false|false&#8221; custom_margin_tablet=&#8221;||50px||false|false&#8221; custom_margin_phone=&#8221;50px||||false|false&#8221; custom_margin_last_edited=&#8221;on|desktop&#8221; title_font_size_tablet=&#8221;35px&#8221; title_font_size_phone=&#8221;23px&#8221; title_font_size_last_edited=&#8221;on|phone&#8221; global_colors_info=&#8221;{}&#8221;][\/et_pb_heading][et_pb_text _builder_version=&#8221;4.27.4&#8243; _module_preset=&#8221;83516326-f0b0-40e6-bd3d-393d2eacd37e&#8221; header_2_font_size=&#8221;30px&#8221; custom_margin=&#8221;7px|||||&#8221; custom_margin_tablet=&#8221;-30px||58px||false|false&#8221; custom_margin_phone=&#8221;-38px||30px||false|false&#8221; custom_margin_last_edited=&#8221;on|phone&#8221; custom_padding=&#8221;||4px|||&#8221; custom_padding_tablet=&#8221;||4px|||&#8221; custom_padding_phone=&#8221;||4px|||&#8221; custom_padding_last_edited=&#8221;on|tablet&#8221; global_colors_info=&#8221;{}&#8221;]<\/p>\n<p>Familiebehandlingen har til form\u00e5l at:<\/p>\n<ul>\n<li>Afd\u00e6kke og udvikle familiens dynamikker<\/li>\n<li>Styrke for\u00e6ldrenes kompetencer<\/li>\n<li>Underst\u00f8tte barnets eller b\u00f8rnenes<span>\u00a0<\/span><strong>trivsel, sundhed og udvikling<\/strong><\/li>\n<\/ul>\n<p>Afh\u00e6ngigt af opgavens omfang vil familien blive tilknyttet \u00e9n eller flere af vores<span>\u00a0<\/span><strong>kompetente familiebehandlere<\/strong>.<span>\u00a0<\/span><\/p>\n<p>[\/et_pb_text][\/et_pb_column][\/et_pb_row][et_pb_row column_structure=&#8221;1_2,1_2&#8243; use_custom_gutter=&#8221;on&#8221; gutter_width=&#8221;1&#8243; _builder_version=&#8221;4.27.4&#8243; _module_preset=&#8221;default&#8221; custom_css_free_form=&#8221;.&#8221; global_colors_info=&#8221;{}&#8221;][et_pb_column type=&#8221;1_2&#8243; _builder_version=&#8221;4.27.4&#8243; _module_preset=&#8221;default&#8221; global_colors_info=&#8221;{}&#8221;][et_pb_heading title=&#8221;Metoder og redskaber&#8221; _builder_version=&#8221;4.27.4&#8243; _module_preset=&#8221;99381fb0-2362-4bdd-9388-cd23da1533fb&#8221; title_font=&#8221;&#8211;et_global_heading_font|600|||||||&#8221; title_text_align=&#8221;left&#8221; title_font_size=&#8221;35px&#8221; custom_margin=&#8221;0px||0px||false|false&#8221; custom_margin_tablet=&#8221;||||false|false&#8221; custom_margin_phone=&#8221;50px||0px||false|false&#8221; custom_margin_last_edited=&#8221;on|phone&#8221; title_font_size_tablet=&#8221;35px&#8221; title_font_size_phone=&#8221;23px&#8221; title_font_size_last_edited=&#8221;on|phone&#8221; global_colors_info=&#8221;{}&#8221;][\/et_pb_heading][et_pb_text _builder_version=&#8221;4.27.4&#8243; _module_preset=&#8221;83516326-f0b0-40e6-bd3d-393d2eacd37e&#8221; header_2_font_size=&#8221;30px&#8221; custom_margin=&#8221;7px||32px|||&#8221; custom_margin_tablet=&#8221;||50px||false|false&#8221; custom_margin_phone=&#8221;||50px||false|false&#8221; custom_margin_last_edited=&#8221;on|phone&#8221; custom_padding=&#8221;||4px|||&#8221; global_colors_info=&#8221;{}&#8221;]<\/p>\n<p><span>Vi anvender en r\u00e6kke faglige og visuelle redskaber for at skabe f\u00e6lles forst\u00e5else og fremme positiv udvikling:<\/span><\/p>\n<p>[\/et_pb_text][et_pb_heading title=&#8221;Videofilmning&#8221; _builder_version=&#8221;4.27.4&#8243; _module_preset=&#8221;99381fb0-2362-4bdd-9388-cd23da1533fb&#8221; title_level=&#8221;h3&#8243; title_font=&#8221;&#8211;et_global_heading_font|600|||||||&#8221; title_text_align=&#8221;left&#8221; title_font_size=&#8221;25px&#8221; custom_margin=&#8221;0px||0px||false|false&#8221; custom_margin_tablet=&#8221;||||false|false&#8221; custom_margin_phone=&#8221;0px||0px||false|false&#8221; custom_margin_last_edited=&#8221;on|phone&#8221; title_font_size_tablet=&#8221;25px&#8221; title_font_size_phone=&#8221;23px&#8221; title_font_size_last_edited=&#8221;on|phone&#8221; global_colors_info=&#8221;{}&#8221;][\/et_pb_heading][et_pb_text _builder_version=&#8221;4.27.4&#8243; _module_preset=&#8221;83516326-f0b0-40e6-bd3d-393d2eacd37e&#8221; header_2_font_size=&#8221;30px&#8221; custom_margin=&#8221;7px|||||&#8221; custom_margin_tablet=&#8221;||50px||false|false&#8221; custom_margin_phone=&#8221;||50px||false|false&#8221; custom_margin_last_edited=&#8221;on|phone&#8221; custom_padding=&#8221;||4px|||&#8221; global_colors_info=&#8221;{}&#8221;]<\/p>\n<p>Vi benytter videofilmning som:<\/p>\n<ul>\n<li>Et fagligt analysev\u00e6rkt\u00f8j<\/li>\n<li>Et arbejdsredskab sammen med for\u00e6ldrene<\/li>\n<\/ul>\n<p>Vi oplever stor effekt af visuelle redskaber, da de:<\/p>\n<ul>\n<li>Underst\u00f8tter familiens aktive deltagelse<\/li>\n<li>Giver overblik og indsigt<\/li>\n<li>Skaber grundlag for varige, positive \u00e6ndringer i familiedynamikken<\/li>\n<\/ul>\n<p>[\/et_pb_text][\/et_pb_column][et_pb_column type=&#8221;1_2&#8243; _builder_version=&#8221;4.27.4&#8243; _module_preset=&#8221;default&#8221; global_colors_info=&#8221;{}&#8221;][et_pb_heading title=&#8221;Specialiserede interviewformer&#8221; _builder_version=&#8221;4.27.4&#8243; _module_preset=&#8221;99381fb0-2362-4bdd-9388-cd23da1533fb&#8221; title_level=&#8221;h3&#8243; title_font=&#8221;&#8211;et_global_heading_font|600|||||||&#8221; title_text_align=&#8221;left&#8221; title_font_size=&#8221;25px&#8221; custom_margin=&#8221;0px||0px||false|false&#8221; custom_margin_tablet=&#8221;||||false|false&#8221; custom_margin_phone=&#8221;||0px||false|false&#8221; custom_margin_last_edited=&#8221;on|phone&#8221; title_font_size_tablet=&#8221;25px&#8221; title_font_size_phone=&#8221;23px&#8221; title_font_size_last_edited=&#8221;on|phone&#8221; global_colors_info=&#8221;{}&#8221;][\/et_pb_heading][et_pb_text _builder_version=&#8221;4.27.4&#8243; _module_preset=&#8221;83516326-f0b0-40e6-bd3d-393d2eacd37e&#8221; header_2_font_size=&#8221;30px&#8221; custom_margin=&#8221;7px|||||&#8221; custom_padding=&#8221;||4px|||&#8221; global_colors_info=&#8221;{}&#8221;]Vi tilbyder forskellige interviewformer, der anvendes afh\u00e6ngigt af familiens behov:<\/p>\n<p>&nbsp;<\/p>\n<ul>\n<li><strong>Care Index<\/strong><br \/>\nAfd\u00e6kker tilknytningen mellem for\u00e6lder og barn<\/li>\n<\/ul>\n<ul>\n<li><strong>AAI (Adult Attachment Interview)<\/strong><br \/>\nUnders\u00f8ger for\u00e6ldrenes indre arbejdsmodeller og tilknytningsm\u00f8nstre<\/li>\n<\/ul>\n<ul>\n<li><strong>Familiediagram<\/strong><br \/>\nKortl\u00e6gger familiens relationer og dynamikker<\/li>\n<\/ul>\n<ul>\n<li><strong>IWMC-interview<\/strong><span>\u00a0<\/span><em>(til kommende for\u00e6ldre og babysager)<\/em><br \/>\nHar fokus p\u00e5 at afd\u00e6kke den tidlige tilknytning<\/li>\n<\/ul>\n<ul><\/ul>\n<p>[\/et_pb_text][\/et_pb_column][\/et_pb_row][\/et_pb_section][et_pb_section fb_built=&#8221;1&#8243; _builder_version=&#8221;4.27.4&#8243; _module_preset=&#8221;default&#8221; custom_padding=&#8221;||0px|||&#8221; global_colors_info=&#8221;{}&#8221;][et_pb_row _builder_version=&#8221;4.27.4&#8243; _module_preset=&#8221;default&#8221; background_color=&#8221;gcid-71061d81-f8f5-4087-922d-6cc5bf8bf977&#8243; custom_margin=&#8221;|auto|-40px|auto|false|false&#8221; custom_padding=&#8221;74px|200px|74px|200px|true|true&#8221; custom_padding_tablet=&#8221;80px|50px|80px|50px|true|true&#8221; custom_padding_phone=&#8221;80px|10px|80px|10px|true|true&#8221; hover_enabled=&#8221;0&#8243; global_colors_info=&#8221;{%22gcid-71061d81-f8f5-4087-922d-6cc5bf8bf977%22:%91%22background_color%22%93}&#8221; border_radii=&#8221;off|40px|40px||&#8221; sticky_enabled=&#8221;0&#8243;][et_pb_column type=&#8221;4_4&#8243; _builder_version=&#8221;4.27.4&#8243; _module_preset=&#8221;default&#8221; global_colors_info=&#8221;{}&#8221;][et_pb_text _builder_version=&#8221;4.27.4&#8243; _module_preset=&#8221;default&#8221; text_font=&#8221;&#8211;et_global_body_font|600|||||||&#8221; text_text_color=&#8221;#FFFDF7&#8243; text_font_size=&#8221;26px&#8221; text_orientation=&#8221;center&#8221; hover_enabled=&#8221;0&#8243; text_font_size_tablet=&#8221;22px&#8221; text_font_size_phone=&#8221;22px&#8221; text_font_size_last_edited=&#8221;on|phone&#8221; global_colors_info=&#8221;{}&#8221; custom_margin=&#8221;||28px|||&#8221; header_text_color=&#8221;#FFFDF7&#8243; header_2_text_color=&#8221;#FFFDF7&#8243; sticky_enabled=&#8221;0&#8243;]<\/p>\n<h2><strong>Respekt<\/strong><\/span><\/h2>\n<p><strong><\/strong><\/span><\/p>\n<p>Vi tror p\u00e5, at alle har ressourcer og kompetencer. Vi g\u00f8r os ikke til dommer over det gode liv, men behandler alle mennesker som ligev\u00e6rdige uanset kulturelle, religi\u00f8se eller sociale forskelle. Hylleholt Familiefokus varetager praktisk p\u00e6dagogisk st\u00f8tte, familiebehandling, st\u00f8tte og overv\u00e5get samv\u00e6r, mor\/barn projekter samt st\u00f8tte\/kontaktperson forl\u00f8b.<\/span>[\/et_pb_text][\/et_pb_column][\/et_pb_row][\/et_pb_section]<\/p>\n","protected":false},"excerpt":{"rendered":"<p>Hos\u00a0Hylleholt Familiefokus\u00a0tilbyder vi familiebehandling i familiens eget hjem. Derudover har vi mulighed for at afholde samtaler og samspils\u00f8velser i vores egne lokaler, hvis det vurderes hensigtsm\u00e6ssigt.Vi arbejder\u00a0relations- og helhedsorienteret\u00a0med udgangspunkt i en\u00a0narrativ tilgang, hvor familiens fort\u00e6llinger, ressourcer og relationer er i fokus.Familiebehandlingen har til form\u00e5l at: Afd\u00e6kke og udvikle familiens dynamikker Styrke for\u00e6ldrenes kompetencer Underst\u00f8tte [&hellip;]<\/p>\n","protected":false},"author":1,"featured_media":0,"parent":0,"menu_order":0,"comment_status":"closed","ping_status":"closed","template":"","meta":{"_et_pb_use_builder":"on","_et_pb_old_content":"","_et_gb_content_width":"","footnotes":""},"class_list":["post-862","page","type-page","status-publish","hentry"],"yoast_head":"<!-- This site is optimized with the Yoast SEO plugin v25.5 - https:\/\/yoast.com\/wordpress\/plugins\/seo\/ -->\n<title>Familiebehandling - Hylleholt Familiefokus<\/title>\n<meta name=\"robots\" content=\"index, follow, max-snippet:-1, max-image-preview:large, max-video-preview:-1\" \/>\n<link rel=\"canonical\" href=\"https:\/\/detsocialfagligehus.dk\/index.php\/familiebehandling\/\" \/>\n<meta property=\"og:locale\" content=\"en_US\" \/>\n<meta property=\"og:type\" content=\"article\" \/>\n<meta property=\"og:title\" content=\"Familiebehandling - Hylleholt Familiefokus\" \/>\n<meta property=\"og:description\" content=\"Hos\u00a0Hylleholt Familiefokus\u00a0tilbyder vi familiebehandling i familiens eget hjem. Derudover har vi mulighed for at afholde samtaler og samspils\u00f8velser i vores egne lokaler, hvis det vurderes hensigtsm\u00e6ssigt.Vi arbejder\u00a0relations- og helhedsorienteret\u00a0med udgangspunkt i en\u00a0narrativ tilgang, hvor familiens fort\u00e6llinger, ressourcer og relationer er i fokus.Familiebehandlingen har til form\u00e5l at: Afd\u00e6kke og udvikle familiens dynamikker Styrke for\u00e6ldrenes kompetencer Underst\u00f8tte [&hellip;]\" \/>\n<meta property=\"og:url\" content=\"https:\/\/detsocialfagligehus.dk\/index.php\/familiebehandling\/\" \/>\n<meta property=\"og:site_name\" content=\"Hylleholt Familiefokus\" \/>\n<meta property=\"article:modified_time\" content=\"2025-09-07T16:34:05+00:00\" \/>\n<meta name=\"twitter:card\" content=\"summary_large_image\" \/>\n<meta name=\"twitter:label1\" content=\"Est. reading time\" \/>\n\t<meta name=\"twitter:data1\" content=\"9 minutes\" \/>\n<script type=\"application\/ld+json\" class=\"yoast-schema-graph\">{\"@context\":\"https:\/\/schema.org\",\"@graph\":[{\"@type\":\"WebPage\",\"@id\":\"https:\/\/detsocialfagligehus.dk\/index.php\/familiebehandling\/\",\"url\":\"https:\/\/detsocialfagligehus.dk\/index.php\/familiebehandling\/\",\"name\":\"Familiebehandling - Hylleholt Familiefokus\",\"isPartOf\":{\"@id\":\"https:\/\/detsocialfagligehus.dk\/#website\"},\"datePublished\":\"2025-08-01T08:11:27+00:00\",\"dateModified\":\"2025-09-07T16:34:05+00:00\",\"breadcrumb\":{\"@id\":\"https:\/\/detsocialfagligehus.dk\/index.php\/familiebehandling\/#breadcrumb\"},\"inLanguage\":\"en-US\",\"potentialAction\":[{\"@type\":\"ReadAction\",\"target\":[\"https:\/\/detsocialfagligehus.dk\/index.php\/familiebehandling\/\"]}]},{\"@type\":\"BreadcrumbList\",\"@id\":\"https:\/\/detsocialfagligehus.dk\/index.php\/familiebehandling\/#breadcrumb\",\"itemListElement\":[{\"@type\":\"ListItem\",\"position\":1,\"name\":\"Home\",\"item\":\"https:\/\/detsocialfagligehus.dk\/\"},{\"@type\":\"ListItem\",\"position\":2,\"name\":\"Familiebehandling\"}]},{\"@type\":\"WebSite\",\"@id\":\"https:\/\/detsocialfagligehus.dk\/#website\",\"url\":\"https:\/\/detsocialfagligehus.dk\/\",\"name\":\"Hylleholt Familiefokus\",\"description\":\"\",\"potentialAction\":[{\"@type\":\"SearchAction\",\"target\":{\"@type\":\"EntryPoint\",\"urlTemplate\":\"https:\/\/detsocialfagligehus.dk\/?s={search_term_string}\"},\"query-input\":{\"@type\":\"PropertyValueSpecification\",\"valueRequired\":true,\"valueName\":\"search_term_string\"}}],\"inLanguage\":\"en-US\"}]}<\/script>\n<!-- \/ Yoast SEO plugin. -->","yoast_head_json":{"title":"Familiebehandling - Hylleholt Familiefokus","robots":{"index":"index","follow":"follow","max-snippet":"max-snippet:-1","max-image-preview":"max-image-preview:large","max-video-preview":"max-video-preview:-1"},"canonical":"https:\/\/detsocialfagligehus.dk\/index.php\/familiebehandling\/","og_locale":"en_US","og_type":"article","og_title":"Familiebehandling - Hylleholt Familiefokus","og_description":"Hos\u00a0Hylleholt Familiefokus\u00a0tilbyder vi familiebehandling i familiens eget hjem. Derudover har vi mulighed for at afholde samtaler og samspils\u00f8velser i vores egne lokaler, hvis det vurderes hensigtsm\u00e6ssigt.Vi arbejder\u00a0relations- og helhedsorienteret\u00a0med udgangspunkt i en\u00a0narrativ tilgang, hvor familiens fort\u00e6llinger, ressourcer og relationer er i fokus.Familiebehandlingen har til form\u00e5l at: Afd\u00e6kke og udvikle familiens dynamikker Styrke for\u00e6ldrenes kompetencer Underst\u00f8tte [&hellip;]","og_url":"https:\/\/detsocialfagligehus.dk\/index.php\/familiebehandling\/","og_site_name":"Hylleholt Familiefokus","article_modified_time":"2025-09-07T16:34:05+00:00","twitter_card":"summary_large_image","twitter_misc":{"Est. reading time":"9 minutes"},"schema":{"@context":"https:\/\/schema.org","@graph":[{"@type":"WebPage","@id":"https:\/\/detsocialfagligehus.dk\/index.php\/familiebehandling\/","url":"https:\/\/detsocialfagligehus.dk\/index.php\/familiebehandling\/","name":"Familiebehandling - Hylleholt Familiefokus","isPartOf":{"@id":"https:\/\/detsocialfagligehus.dk\/#website"},"datePublished":"2025-08-01T08:11:27+00:00","dateModified":"2025-09-07T16:34:05+00:00","breadcrumb":{"@id":"https:\/\/detsocialfagligehus.dk\/index.php\/familiebehandling\/#breadcrumb"},"inLanguage":"en-US","potentialAction":[{"@type":"ReadAction","target":["https:\/\/detsocialfagligehus.dk\/index.php\/familiebehandling\/"]}]},{"@type":"BreadcrumbList","@id":"https:\/\/detsocialfagligehus.dk\/index.php\/familiebehandling\/#breadcrumb","itemListElement":[{"@type":"ListItem","position":1,"name":"Home","item":"https:\/\/detsocialfagligehus.dk\/"},{"@type":"ListItem","position":2,"name":"Familiebehandling"}]},{"@type":"WebSite","@id":"https:\/\/detsocialfagligehus.dk\/#website","url":"https:\/\/detsocialfagligehus.dk\/","name":"Hylleholt Familiefokus","description":"","potentialAction":[{"@type":"SearchAction","target":{"@type":"EntryPoint","urlTemplate":"https:\/\/detsocialfagligehus.dk\/?s={search_term_string}"},"query-input":{"@type":"PropertyValueSpecification","valueRequired":true,"valueName":"search_term_string"}}],"inLanguage":"en-US"}]}},"_links":{"self":[{"href":"https:\/\/detsocialfagligehus.dk\/index.php\/wp-json\/wp\/v2\/pages\/862","targetHints":{"allow":["GET"]}}],"collection":[{"href":"https:\/\/detsocialfagligehus.dk\/index.php\/wp-json\/wp\/v2\/pages"}],"about":[{"href":"https:\/\/detsocialfagligehus.dk\/index.php\/wp-json\/wp\/v2\/types\/page"}],"author":[{"embeddable":true,"href":"https:\/\/detsocialfagligehus.dk\/index.php\/wp-json\/wp\/v2\/users\/1"}],"replies":[{"embeddable":true,"href":"https:\/\/detsocialfagligehus.dk\/index.php\/wp-json\/wp\/v2\/comments?post=862"}],"version-history":[{"count":21,"href":"https:\/\/detsocialfagligehus.dk\/index.php\/wp-json\/wp\/v2\/pages\/862\/revisions"}],"predecessor-version":[{"id":1275,"href":"https:\/\/detsocialfagligehus.dk\/index.php\/wp-json\/wp\/v2\/pages\/862\/revisions\/1275"}],"wp:attachment":[{"href":"https:\/\/detsocialfagligehus.dk\/index.php\/wp-json\/wp\/v2\/media?parent=862"}],"curies":[{"name":"wp","href":"https:\/\/api.w.org\/{rel}","templated":true}]}}