{"id":870,"date":"2025-08-01T08:20:38","date_gmt":"2025-08-01T08:20:38","guid":{"rendered":"https:\/\/staging.detsocialfagligehus.dk\/?page_id=870"},"modified":"2025-09-07T16:35:21","modified_gmt":"2025-09-07T16:35:21","slug":"stottet-og-overvaget-samvaer","status":"publish","type":"page","link":"https:\/\/detsocialfagligehus.dk\/index.php\/stottet-og-overvaget-samvaer\/","title":{"rendered":"St\u00f8tte og overv\u00e5get samv\u00e6r"},"content":{"rendered":"<p>[et_pb_section fb_built=&#8221;1&#8243; custom_padding_last_edited=&#8221;on|desktop&#8221; _builder_version=&#8221;4.27.4&#8243; _module_preset=&#8221;d79bbe27-237c-4d16-ab3b-e772e9e6589c&#8221; z_index=&#8221;500&#8243; custom_margin=&#8221;50px||-20px||false|false&#8221; custom_margin_tablet=&#8221;50px||||false|false&#8221; custom_margin_phone=&#8221;0px||||false|false&#8221; custom_margin_last_edited=&#8221;on|phone&#8221; custom_padding=&#8221;|60px|3px|60px|false|true&#8221; custom_padding_tablet=&#8221;|20px||20px|false|true&#8221; custom_padding_phone=&#8221;100px|20px||20px|false|true&#8221; border_radii=&#8221;on|20px|20px|20px|20px&#8221; global_colors_info=&#8221;{}&#8221;][et_pb_row use_custom_gutter=&#8221;on&#8221; gutter_width=&#8221;1&#8243; custom_padding_last_edited=&#8221;on|desktop&#8221; _builder_version=&#8221;4.27.4&#8243; _module_preset=&#8221;ac6108c0-776d-40fe-bcc2-c1d90cef99e1&#8243; background_color=&#8221;#FFFDF7&#8243; custom_padding=&#8221;0px|60px|60px|60px|false|true&#8221; custom_padding_tablet=&#8221;0px|60px|0px|60px|false|true&#8221; custom_padding_phone=&#8221;0px|0px|0px|0px|false|true&#8221; global_colors_info=&#8221;{}&#8221;][et_pb_column type=&#8221;4_4&#8243; _builder_version=&#8221;4.27.4&#8243; _module_preset=&#8221;b8495a8e-ee4a-4bdf-89c5-b015c1d1a306&#8243; background_color=&#8221;#FFFDF7&#8243; custom_padding=&#8221;0px|0px|0px|0px|true|true&#8221; global_colors_info=&#8221;{}&#8221;][et_pb_heading title=&#8221;St\u00f8tte og overv\u00e5get samv\u00e6r&#8221; _builder_version=&#8221;4.27.4&#8243; _module_preset=&#8221;9cc0fadf-b72f-4594-9fe6-74a179b98d34&#8243; title_level=&#8221;h1&#8243; title_font=&#8221;&#8211;et_global_heading_font|600|||||||&#8221; title_text_align=&#8221;left&#8221; title_font_size=&#8221;50px&#8221; background_color=&#8221;#FFFDF7&#8243; custom_margin=&#8221;0px||0px||false|false&#8221; custom_margin_tablet=&#8221;||20px||false|false&#8221; custom_margin_phone=&#8221;50px||-20px||false|false&#8221; custom_margin_last_edited=&#8221;on|tablet&#8221; title_font_size_tablet=&#8221;48px&#8221; title_font_size_phone=&#8221;40px&#8221; title_font_size_last_edited=&#8221;on|phone&#8221; global_colors_info=&#8221;{}&#8221;][\/et_pb_heading][et_pb_heading title=&#8221;St\u00f8ttet samv\u00e6r efter BL \u00a7 104, stk. 3 og overv\u00e5get samv\u00e6r efter BL \u00a7 105 &#8221; _builder_version=&#8221;4.27.4&#8243; _module_preset=&#8221;9cc0fadf-b72f-4594-9fe6-74a179b98d34&#8243; title_font=&#8221;&#8211;et_global_heading_font|600|||||||&#8221; title_text_align=&#8221;left&#8221; title_font_size=&#8221;30px&#8221; background_color=&#8221;#FFFDF7&#8243; custom_margin=&#8221;9px||0px||false|false&#8221; custom_margin_tablet=&#8221;||||false|false&#8221; custom_margin_phone=&#8221;50px||||false|false&#8221; custom_margin_last_edited=&#8221;on|desktop&#8221; custom_padding=&#8221;||7px|||&#8221; title_font_size_tablet=&#8221;&#8221; title_font_size_phone=&#8221;23px&#8221; title_font_size_last_edited=&#8221;on|phone&#8221; global_colors_info=&#8221;{}&#8221;][\/et_pb_heading][\/et_pb_column][\/et_pb_row][et_pb_row column_structure=&#8221;1_2,1_2&#8243; use_custom_gutter=&#8221;on&#8221; gutter_width=&#8221;1&#8243; _builder_version=&#8221;4.27.4&#8243; _module_preset=&#8221;616aac4a-765d-479a-9c4c-245a6e3dc92b&#8221; custom_padding=&#8221;0px|0px|112px|0px|false|true&#8221; custom_padding_tablet=&#8221;0px|0px|100px|0px|false|true&#8221; custom_padding_phone=&#8221;0px|0px|100px|0px|false|true&#8221; global_colors_info=&#8221;{}&#8221;][et_pb_column type=&#8221;1_2&#8243; _builder_version=&#8221;4.27.4&#8243; _module_preset=&#8221;50e3295a-d518-40e5-adcd-c80d8882fbeb&#8221; background_color=&#8221;#FFFDF7&#8243; custom_padding=&#8221;0px|0px|0px|60px|true|false&#8221; custom_padding_tablet=&#8221;0px|60px|0px|60px|false|true&#8221; custom_padding_phone=&#8221;0px|20px|0px|20px|false|true&#8221; custom_padding_last_edited=&#8221;on|phone&#8221; global_colors_info=&#8221;{}&#8221;][et_pb_heading title=&#8221;St\u00f8ttet og overv\u00e5get samv\u00e6r hos Hylleholt Familiefokus&#8221; _builder_version=&#8221;4.27.4&#8243; _module_preset=&#8221;9cc0fadf-b72f-4594-9fe6-74a179b98d34&#8243; title_font=&#8221;&#8211;et_global_heading_font|600|||||||&#8221; title_text_align=&#8221;left&#8221; title_font_size=&#8221;30px&#8221; custom_margin=&#8221;9px||0px||false|false&#8221; custom_margin_tablet=&#8221;||||false|false&#8221; custom_margin_phone=&#8221;50px||||false|false&#8221; custom_margin_last_edited=&#8221;on|desktop&#8221; custom_padding=&#8221;||7px|||&#8221; title_font_size_tablet=&#8221;&#8221; title_font_size_phone=&#8221;23px&#8221; title_font_size_last_edited=&#8221;on|phone&#8221; global_colors_info=&#8221;{}&#8221;][\/et_pb_heading][et_pb_text _builder_version=&#8221;4.27.4&#8243; _module_preset=&#8221;43623c3d-085f-4735-ab3e-20e4474308a1&#8243; custom_margin=&#8221;-1px||50px|||&#8221; custom_padding=&#8221;||4px|||&#8221; global_colors_info=&#8221;{}&#8221;]<\/p>\n<p data-start=\"72\" data-end=\"245\"><span>Hos\u00a0<\/span><strong>Hylleholt Familiefokus<\/strong><span>\u00a0varetages b\u00e5de st\u00f8ttet og overv\u00e5get samv\u00e6r af erfarne samv\u00e6rskonsulenter. Samv\u00e6ret kan finde sted i for\u00e6ldrenes eget hjem, p\u00e5 barnets anbringelsessted, hos plejefamilien eller et andet sted, der vurderes som hensigtsm\u00e6ssigt. Derudover tilbyder vi samv\u00e6r i vores egne hyggelige og b\u00f8rnevenlige lokaler i K\u00f8ge \u2013 t\u00e6t p\u00e5 offentlig transport, stranden og K\u00f8ge Havn. Lokalerne er indrettet efter b\u00f8rns forskellige aldre og behov.<\/span><\/p>\n<p>[\/et_pb_text][et_pb_heading title=&#8221;St\u00f8ttende samtaler f\u00f8r og efter samv\u00e6r&#8221; _builder_version=&#8221;4.27.4&#8243; _module_preset=&#8221;9cc0fadf-b72f-4594-9fe6-74a179b98d34&#8243; title_font=&#8221;&#8211;et_global_heading_font|600|||||||&#8221; title_text_align=&#8221;left&#8221; title_font_size=&#8221;30px&#8221; custom_margin=&#8221;9px||0px||false|false&#8221; custom_margin_tablet=&#8221;||||false|false&#8221; custom_margin_phone=&#8221;50px||||false|false&#8221; custom_margin_last_edited=&#8221;on|desktop&#8221; custom_padding=&#8221;||7px|||&#8221; title_font_size_tablet=&#8221;&#8221; title_font_size_phone=&#8221;23px&#8221; title_font_size_last_edited=&#8221;on|phone&#8221; global_colors_info=&#8221;{}&#8221;][\/et_pb_heading][et_pb_text _builder_version=&#8221;4.27.4&#8243; _module_preset=&#8221;43623c3d-085f-4735-ab3e-20e4474308a1&#8243; custom_margin=&#8221;1px|||||&#8221; custom_padding=&#8221;||4px|||&#8221; global_colors_info=&#8221;{}&#8221;]<\/p>\n<p data-start=\"72\" data-end=\"245\"><span>I forbindelse med b\u00e5de st\u00f8ttet og overv\u00e5get samv\u00e6r tilbyder vi for- og eftersamtaler med for\u00e6ldrene. Form\u00e5let er at give for\u00e6ldrene mulighed for at dr\u00f8fte eventuelle bekymringer f\u00f8r samv\u00e6ret samt at l\u00e6gge en konkret plan for samv\u00e6ret. Efterf\u00f8lgende samtaler kan bruges til at evaluere forl\u00f8bet. Vi har god erfaring med, at disse samtaler styrker for\u00e6ldrenes deltagelse og engagement i samv\u00e6ret.<\/span><\/p>\n<p>[\/et_pb_text][\/et_pb_column][et_pb_column type=&#8221;1_2&#8243; _builder_version=&#8221;4.27.4&#8243; _module_preset=&#8221;50e3295a-d518-40e5-adcd-c80d8882fbeb&#8221; background_color=&#8221;#FFFDF7&#8243; custom_padding=&#8221;0px|60px|0px|60px|true|true&#8221; global_colors_info=&#8221;{}&#8221;][et_pb_image src=&#8221;https:\/\/detsocialfagligehus.dk\/wp-content\/uploads\/2025\/08\/pexels-charles-parker-5859225-scaled.jpg&#8221; alt=&#8221;Familiebehandling&#8221; title_text=&#8221;Familiebehandling&#8221; _builder_version=&#8221;4.27.4&#8243; _module_preset=&#8221;default&#8221; border_radii=&#8221;on|20px|20px|20px|20px&#8221; global_colors_info=&#8221;{}&#8221;][\/et_pb_image][\/et_pb_column][\/et_pb_row][et_pb_row column_structure=&#8221;1_2,1_2&#8243; use_custom_gutter=&#8221;on&#8221; gutter_width=&#8221;1&#8243; _builder_version=&#8221;4.27.4&#8243; _module_preset=&#8221;616aac4a-765d-479a-9c4c-245a6e3dc92b&#8221; background_color=&#8221;#FFFDF7&#8243; custom_padding=&#8221;0px|0px|112px|0px|false|true&#8221; custom_padding_tablet=&#8221;0px|0px|100px|0px|false|true&#8221; custom_padding_phone=&#8221;0px|0px|100px|0px|false|true&#8221; global_colors_info=&#8221;{}&#8221;][et_pb_column type=&#8221;1_2&#8243; _builder_version=&#8221;4.27.4&#8243; _module_preset=&#8221;50e3295a-d518-40e5-adcd-c80d8882fbeb&#8221; background_color=&#8221;#FFFDF7&#8243; custom_padding=&#8221;0px|60px|0px|60px|true|true&#8221; global_colors_info=&#8221;{}&#8221;][et_pb_image src=&#8221;https:\/\/detsocialfagligehus.dk\/wp-content\/uploads\/2025\/07\/pexels-marina-zvada-844583049-21268301.jpg&#8221; alt=&#8221;Familiebehandling&#8221; title_text=&#8221;pexels-marina-zvada-844583049-21268301&#8243; _builder_version=&#8221;4.27.4&#8243; _module_preset=&#8221;default&#8221; border_radii=&#8221;on|20px|20px|20px|20px&#8221; global_colors_info=&#8221;{}&#8221;][\/et_pb_image][\/et_pb_column][et_pb_column type=&#8221;1_2&#8243; _builder_version=&#8221;4.27.4&#8243; _module_preset=&#8221;50e3295a-d518-40e5-adcd-c80d8882fbeb&#8221; background_color=&#8221;#FFFDF7&#8243; custom_padding=&#8221;0px|0px|0px|60px|true|false&#8221; custom_padding_tablet=&#8221;0px|60px|0px|60px|false|true&#8221; custom_padding_phone=&#8221;0px|20px|0px|20px|false|true&#8221; custom_padding_last_edited=&#8221;on|phone&#8221; global_colors_info=&#8221;{}&#8221;][et_pb_heading title=&#8221;Samv\u00e6rsbeskrivelser og evaluering&#8221; _builder_version=&#8221;4.27.4&#8243; _module_preset=&#8221;9cc0fadf-b72f-4594-9fe6-74a179b98d34&#8243; title_font=&#8221;&#8211;et_global_heading_font|600|||||||&#8221; title_text_align=&#8221;left&#8221; title_font_size=&#8221;30px&#8221; custom_margin=&#8221;9px||0px||false|false&#8221; custom_margin_tablet=&#8221;||||false|false&#8221; custom_margin_phone=&#8221;50px||||false|false&#8221; custom_margin_last_edited=&#8221;on|desktop&#8221; custom_padding=&#8221;||7px|||&#8221; title_font_size_tablet=&#8221;&#8221; title_font_size_phone=&#8221;23px&#8221; title_font_size_last_edited=&#8221;on|phone&#8221; global_colors_info=&#8221;{}&#8221;][\/et_pb_heading][et_pb_text _builder_version=&#8221;4.27.4&#8243; _module_preset=&#8221;43623c3d-085f-4735-ab3e-20e4474308a1&#8243; custom_margin=&#8221;3px||50px|||&#8221; custom_padding=&#8221;||4px|||&#8221; global_colors_info=&#8221;{}&#8221;]<\/p>\n<p data-start=\"72\" data-end=\"245\"><span>Vi udarbejder samv\u00e6rsbeskrivelser b\u00e5de i forbindelse med st\u00f8ttet og overv\u00e5get samv\u00e6r. Hyppigheden aftales med den ansvarlige myndighed. I beskrivelserne fremh\u00e6ver vi, hvad for\u00e6ldrene g\u00f8r godt, og hvor der er mulighed for forbedring. Vi l\u00e6gger v\u00e6gt p\u00e5 at kommunikere vores observationer tydeligt \u2013 b\u00e5de mundtligt til for\u00e6ldrene og skriftligt i beskrivelsen.<\/span><\/p>\n<p>[\/et_pb_text][et_pb_heading title=&#8221;Udarbejdelse af samv\u00e6rsplaner&#8221; _builder_version=&#8221;4.27.4&#8243; _module_preset=&#8221;9cc0fadf-b72f-4594-9fe6-74a179b98d34&#8243; title_font=&#8221;&#8211;et_global_heading_font|600|||||||&#8221; title_text_align=&#8221;left&#8221; title_font_size=&#8221;30px&#8221; custom_margin=&#8221;9px||0px||false|false&#8221; custom_margin_tablet=&#8221;||||false|false&#8221; custom_margin_phone=&#8221;50px||||false|false&#8221; custom_margin_last_edited=&#8221;on|desktop&#8221; custom_padding=&#8221;||7px|||&#8221; title_font_size_tablet=&#8221;&#8221; title_font_size_phone=&#8221;23px&#8221; title_font_size_last_edited=&#8221;on|phone&#8221; global_colors_info=&#8221;{}&#8221;][\/et_pb_heading][et_pb_text _builder_version=&#8221;4.27.4&#8243; _module_preset=&#8221;43623c3d-085f-4735-ab3e-20e4474308a1&#8243; custom_margin=&#8221;1px||50px|||&#8221; custom_padding=&#8221;||4px|||&#8221; global_colors_info=&#8221;{}&#8221;]<\/p>\n<p data-start=\"72\" data-end=\"245\"><span>Sammen med anbringelsesstedet og for\u00e6ldrene udarbejder vi samv\u00e6rsplaner, som tager udgangspunkt i de rammer, der er fastlagt af kommunen. Vi arbejder for et trygt og struktureret samv\u00e6r, der tilgodeser barnets trivsel.<\/span><\/p>\n<p>[\/et_pb_text][et_pb_heading title=&#8221;Lovgrundlag&#8221; _builder_version=&#8221;4.27.4&#8243; _module_preset=&#8221;9cc0fadf-b72f-4594-9fe6-74a179b98d34&#8243; title_font=&#8221;&#8211;et_global_heading_font|600|||||||&#8221; title_text_align=&#8221;left&#8221; title_font_size=&#8221;30px&#8221; custom_margin=&#8221;9px||0px||false|false&#8221; custom_margin_tablet=&#8221;||||false|false&#8221; custom_margin_phone=&#8221;50px||||false|false&#8221; custom_margin_last_edited=&#8221;on|desktop&#8221; custom_padding=&#8221;||7px|||&#8221; title_font_size_tablet=&#8221;&#8221; title_font_size_phone=&#8221;23px&#8221; title_font_size_last_edited=&#8221;on|phone&#8221; global_colors_info=&#8221;{}&#8221;][\/et_pb_heading][et_pb_text _builder_version=&#8221;4.27.4&#8243; _module_preset=&#8221;43623c3d-085f-4735-ab3e-20e4474308a1&#8243; custom_margin=&#8221;1px|||||&#8221; custom_padding=&#8221;||4px|||&#8221; global_colors_info=&#8221;{}&#8221;]<\/p>\n<ul>\n<li><strong>St\u00f8ttet samv\u00e6r (BL \u00a7 104, stk. 3):<\/strong><span>\u00a0<\/span>Her tages udgangspunkt i, hvilke st\u00f8ttebehov kommunen og for\u00e6ldrene \u00f8nsker, der d\u00e6kkes under samv\u00e6ret.<\/li>\n<\/ul>\n<p>&nbsp;<\/p>\n<ul>\n<li><strong>Overv\u00e5get samv\u00e6r (BL \u00a7 105):<\/strong><span>\u00a0<\/span>Hylleholt Familiefokus sikrer barnets tryghed under samv\u00e6ret, i overensstemmelse med kommunens anvisninger. Vores samv\u00e6rskonsulenter underst\u00f8tter samv\u00e6ret ud fra barnets behov og trivsel.<\/li>\n<\/ul>\n<p>[\/et_pb_text][\/et_pb_column][\/et_pb_row][\/et_pb_section][et_pb_section fb_built=&#8221;1&#8243; _builder_version=&#8221;4.27.4&#8243; _module_preset=&#8221;default&#8221; custom_padding=&#8221;0px||0px|||&#8221; global_colors_info=&#8221;{}&#8221;][et_pb_row _builder_version=&#8221;4.27.4&#8243; _module_preset=&#8221;default&#8221; background_color=&#8221;gcid-ba905d70-6183-44ec-a4e0-b4da4005b630&#8243; custom_padding=&#8221;50px|250px|50px|250px|true|true&#8221; custom_padding_tablet=&#8221;50px|50px|50px|50px|true|true&#8221; custom_padding_phone=&#8221;50px|20px|50px|20px|true|true&#8221; hover_enabled=&#8221;0&#8243; global_colors_info=&#8221;{%22gcid-ba905d70-6183-44ec-a4e0-b4da4005b630%22:%91%22background_color%22%93}&#8221; custom_margin=&#8221;||-30px||false|false&#8221; sticky_enabled=&#8221;0&#8243;][et_pb_column type=&#8221;4_4&#8243; _builder_version=&#8221;4.27.4&#8243; _module_preset=&#8221;default&#8221; global_colors_info=&#8221;{}&#8221;][et_pb_text _builder_version=&#8221;4.27.4&#8243; _module_preset=&#8221;default&#8221; text_font=&#8221;&#8211;et_global_body_font|600|||||||&#8221; text_text_color=&#8221;#FFFDF7&#8243; text_font_size=&#8221;26px&#8221; text_orientation=&#8221;center&#8221; text_font_size_tablet=&#8221;22px&#8221; text_font_size_phone=&#8221;22px&#8221; text_font_size_last_edited=&#8221;on|phone&#8221; global_colors_info=&#8221;{}&#8221;]<\/p>\n<h2><span style=\"color: #003300;\"><strong>Respekt<\/strong><\/span><\/h2>\n<p><span style=\"color: #003300;\"><strong><\/strong><\/span><\/p>\n<p><span style=\"color: #092125;\">Vi tror p\u00e5, at alle har ressourcer og kompetencer. Vi g\u00f8r os ikke til dommer over det gode liv, men behandler alle mennesker som ligev\u00e6rdige uanset kulturelle, religi\u00f8se eller sociale forskelle. Hylleholt Familiefokus varetager praktisk p\u00e6dagogisk st\u00f8tte, familiebehandling, st\u00f8tte og overv\u00e5get samv\u00e6r, mor\/barn projekter samt st\u00f8tte\/kontaktperson forl\u00f8b.<\/span><\/p>\n<p>[\/et_pb_text][\/et_pb_column][\/et_pb_row][\/et_pb_section]<\/p>\n","protected":false},"excerpt":{"rendered":"<p>Hos\u00a0Hylleholt Familiefokus\u00a0varetages b\u00e5de st\u00f8ttet og overv\u00e5get samv\u00e6r af erfarne samv\u00e6rskonsulenter. Samv\u00e6ret kan finde sted i for\u00e6ldrenes eget hjem, p\u00e5 barnets anbringelsessted, hos plejefamilien eller et andet sted, der vurderes som hensigtsm\u00e6ssigt. Derudover tilbyder vi samv\u00e6r i vores egne hyggelige og b\u00f8rnevenlige lokaler i K\u00f8ge \u2013 t\u00e6t p\u00e5 offentlig transport, stranden og K\u00f8ge Havn. Lokalerne er [&hellip;]<\/p>\n","protected":false},"author":1,"featured_media":0,"parent":0,"menu_order":0,"comment_status":"closed","ping_status":"closed","template":"","meta":{"_et_pb_use_builder":"on","_et_pb_old_content":"","_et_gb_content_width":"","footnotes":""},"class_list":["post-870","page","type-page","status-publish","hentry"],"yoast_head":"<!-- This site is optimized with the Yoast SEO plugin v25.5 - https:\/\/yoast.com\/wordpress\/plugins\/seo\/ -->\n<title>St\u00f8tte og overv\u00e5get samv\u00e6r - Hylleholt Familiefokus<\/title>\n<meta name=\"robots\" content=\"index, follow, max-snippet:-1, max-image-preview:large, max-video-preview:-1\" \/>\n<link rel=\"canonical\" href=\"https:\/\/detsocialfagligehus.dk\/index.php\/stottet-og-overvaget-samvaer\/\" \/>\n<meta property=\"og:locale\" content=\"en_US\" \/>\n<meta property=\"og:type\" content=\"article\" \/>\n<meta property=\"og:title\" content=\"St\u00f8tte og overv\u00e5get samv\u00e6r - Hylleholt Familiefokus\" \/>\n<meta property=\"og:description\" content=\"Hos\u00a0Hylleholt Familiefokus\u00a0varetages b\u00e5de st\u00f8ttet og overv\u00e5get samv\u00e6r af erfarne samv\u00e6rskonsulenter. Samv\u00e6ret kan finde sted i for\u00e6ldrenes eget hjem, p\u00e5 barnets anbringelsessted, hos plejefamilien eller et andet sted, der vurderes som hensigtsm\u00e6ssigt. Derudover tilbyder vi samv\u00e6r i vores egne hyggelige og b\u00f8rnevenlige lokaler i K\u00f8ge \u2013 t\u00e6t p\u00e5 offentlig transport, stranden og K\u00f8ge Havn. Lokalerne er [&hellip;]\" \/>\n<meta property=\"og:url\" content=\"https:\/\/detsocialfagligehus.dk\/index.php\/stottet-og-overvaget-samvaer\/\" \/>\n<meta property=\"og:site_name\" content=\"Hylleholt Familiefokus\" \/>\n<meta property=\"article:modified_time\" content=\"2025-09-07T16:35:21+00:00\" \/>\n<meta name=\"twitter:card\" content=\"summary_large_image\" \/>\n<meta name=\"twitter:label1\" content=\"Est. reading time\" \/>\n\t<meta name=\"twitter:data1\" content=\"9 minutes\" \/>\n<script type=\"application\/ld+json\" class=\"yoast-schema-graph\">{\"@context\":\"https:\/\/schema.org\",\"@graph\":[{\"@type\":\"WebPage\",\"@id\":\"https:\/\/detsocialfagligehus.dk\/index.php\/stottet-og-overvaget-samvaer\/\",\"url\":\"https:\/\/detsocialfagligehus.dk\/index.php\/stottet-og-overvaget-samvaer\/\",\"name\":\"St\u00f8tte og overv\u00e5get samv\u00e6r - Hylleholt Familiefokus\",\"isPartOf\":{\"@id\":\"https:\/\/detsocialfagligehus.dk\/#website\"},\"datePublished\":\"2025-08-01T08:20:38+00:00\",\"dateModified\":\"2025-09-07T16:35:21+00:00\",\"breadcrumb\":{\"@id\":\"https:\/\/detsocialfagligehus.dk\/index.php\/stottet-og-overvaget-samvaer\/#breadcrumb\"},\"inLanguage\":\"en-US\",\"potentialAction\":[{\"@type\":\"ReadAction\",\"target\":[\"https:\/\/detsocialfagligehus.dk\/index.php\/stottet-og-overvaget-samvaer\/\"]}]},{\"@type\":\"BreadcrumbList\",\"@id\":\"https:\/\/detsocialfagligehus.dk\/index.php\/stottet-og-overvaget-samvaer\/#breadcrumb\",\"itemListElement\":[{\"@type\":\"ListItem\",\"position\":1,\"name\":\"Home\",\"item\":\"https:\/\/detsocialfagligehus.dk\/\"},{\"@type\":\"ListItem\",\"position\":2,\"name\":\"St\u00f8tte og overv\u00e5get samv\u00e6r\"}]},{\"@type\":\"WebSite\",\"@id\":\"https:\/\/detsocialfagligehus.dk\/#website\",\"url\":\"https:\/\/detsocialfagligehus.dk\/\",\"name\":\"Hylleholt Familiefokus\",\"description\":\"\",\"potentialAction\":[{\"@type\":\"SearchAction\",\"target\":{\"@type\":\"EntryPoint\",\"urlTemplate\":\"https:\/\/detsocialfagligehus.dk\/?s={search_term_string}\"},\"query-input\":{\"@type\":\"PropertyValueSpecification\",\"valueRequired\":true,\"valueName\":\"search_term_string\"}}],\"inLanguage\":\"en-US\"}]}<\/script>\n<!-- \/ Yoast SEO plugin. -->","yoast_head_json":{"title":"St\u00f8tte og overv\u00e5get samv\u00e6r - Hylleholt Familiefokus","robots":{"index":"index","follow":"follow","max-snippet":"max-snippet:-1","max-image-preview":"max-image-preview:large","max-video-preview":"max-video-preview:-1"},"canonical":"https:\/\/detsocialfagligehus.dk\/index.php\/stottet-og-overvaget-samvaer\/","og_locale":"en_US","og_type":"article","og_title":"St\u00f8tte og overv\u00e5get samv\u00e6r - Hylleholt Familiefokus","og_description":"Hos\u00a0Hylleholt Familiefokus\u00a0varetages b\u00e5de st\u00f8ttet og overv\u00e5get samv\u00e6r af erfarne samv\u00e6rskonsulenter. Samv\u00e6ret kan finde sted i for\u00e6ldrenes eget hjem, p\u00e5 barnets anbringelsessted, hos plejefamilien eller et andet sted, der vurderes som hensigtsm\u00e6ssigt. Derudover tilbyder vi samv\u00e6r i vores egne hyggelige og b\u00f8rnevenlige lokaler i K\u00f8ge \u2013 t\u00e6t p\u00e5 offentlig transport, stranden og K\u00f8ge Havn. Lokalerne er [&hellip;]","og_url":"https:\/\/detsocialfagligehus.dk\/index.php\/stottet-og-overvaget-samvaer\/","og_site_name":"Hylleholt Familiefokus","article_modified_time":"2025-09-07T16:35:21+00:00","twitter_card":"summary_large_image","twitter_misc":{"Est. reading time":"9 minutes"},"schema":{"@context":"https:\/\/schema.org","@graph":[{"@type":"WebPage","@id":"https:\/\/detsocialfagligehus.dk\/index.php\/stottet-og-overvaget-samvaer\/","url":"https:\/\/detsocialfagligehus.dk\/index.php\/stottet-og-overvaget-samvaer\/","name":"St\u00f8tte og overv\u00e5get samv\u00e6r - Hylleholt Familiefokus","isPartOf":{"@id":"https:\/\/detsocialfagligehus.dk\/#website"},"datePublished":"2025-08-01T08:20:38+00:00","dateModified":"2025-09-07T16:35:21+00:00","breadcrumb":{"@id":"https:\/\/detsocialfagligehus.dk\/index.php\/stottet-og-overvaget-samvaer\/#breadcrumb"},"inLanguage":"en-US","potentialAction":[{"@type":"ReadAction","target":["https:\/\/detsocialfagligehus.dk\/index.php\/stottet-og-overvaget-samvaer\/"]}]},{"@type":"BreadcrumbList","@id":"https:\/\/detsocialfagligehus.dk\/index.php\/stottet-og-overvaget-samvaer\/#breadcrumb","itemListElement":[{"@type":"ListItem","position":1,"name":"Home","item":"https:\/\/detsocialfagligehus.dk\/"},{"@type":"ListItem","position":2,"name":"St\u00f8tte og overv\u00e5get samv\u00e6r"}]},{"@type":"WebSite","@id":"https:\/\/detsocialfagligehus.dk\/#website","url":"https:\/\/detsocialfagligehus.dk\/","name":"Hylleholt Familiefokus","description":"","potentialAction":[{"@type":"SearchAction","target":{"@type":"EntryPoint","urlTemplate":"https:\/\/detsocialfagligehus.dk\/?s={search_term_string}"},"query-input":{"@type":"PropertyValueSpecification","valueRequired":true,"valueName":"search_term_string"}}],"inLanguage":"en-US"}]}},"_links":{"self":[{"href":"https:\/\/detsocialfagligehus.dk\/index.php\/wp-json\/wp\/v2\/pages\/870","targetHints":{"allow":["GET"]}}],"collection":[{"href":"https:\/\/detsocialfagligehus.dk\/index.php\/wp-json\/wp\/v2\/pages"}],"about":[{"href":"https:\/\/detsocialfagligehus.dk\/index.php\/wp-json\/wp\/v2\/types\/page"}],"author":[{"embeddable":true,"href":"https:\/\/detsocialfagligehus.dk\/index.php\/wp-json\/wp\/v2\/users\/1"}],"replies":[{"embeddable":true,"href":"https:\/\/detsocialfagligehus.dk\/index.php\/wp-json\/wp\/v2\/comments?post=870"}],"version-history":[{"count":13,"href":"https:\/\/detsocialfagligehus.dk\/index.php\/wp-json\/wp\/v2\/pages\/870\/revisions"}],"predecessor-version":[{"id":1276,"href":"https:\/\/detsocialfagligehus.dk\/index.php\/wp-json\/wp\/v2\/pages\/870\/revisions\/1276"}],"wp:attachment":[{"href":"https:\/\/detsocialfagligehus.dk\/index.php\/wp-json\/wp\/v2\/media?parent=870"}],"curies":[{"name":"wp","href":"https:\/\/api.w.org\/{rel}","templated":true}]}}