{"id":953,"date":"2025-08-07T16:54:38","date_gmt":"2025-08-07T16:54:38","guid":{"rendered":"https:\/\/staging.detsocialfagligehus.dk\/?page_id=953"},"modified":"2025-09-07T16:50:14","modified_gmt":"2025-09-07T16:50:14","slug":"behandlingsliste","status":"publish","type":"page","link":"https:\/\/detsocialfagligehus.dk\/index.php\/behandlingsliste\/","title":{"rendered":"Vores behandlingsliste"},"content":{"rendered":"<p>[et_pb_section fb_built=&#8221;1&#8243; _builder_version=&#8221;4.27.4&#8243; _module_preset=&#8221;default&#8221; custom_margin=&#8221;0px||||false|false&#8221; custom_margin_tablet=&#8221;0px||||false|false&#8221; custom_margin_phone=&#8221;0px||||false|false&#8221; custom_margin_last_edited=&#8221;on|phone&#8221; custom_padding=&#8221;100px||0px||false|false&#8221; global_colors_info=&#8221;{}&#8221;][et_pb_row use_custom_gutter=&#8221;on&#8221; gutter_width=&#8221;1&#8243; _builder_version=&#8221;4.27.4&#8243; _module_preset=&#8221;_initial&#8221; custom_padding=&#8221;0px|60px|50px|60px|false|true&#8221; custom_padding_tablet=&#8221;0px|60px|0px|60px|false|true&#8221; custom_padding_phone=&#8221;0px|0px|0px|0px|false|true&#8221; global_colors_info=&#8221;{}&#8221;][et_pb_column type=&#8221;4_4&#8243; _builder_version=&#8221;4.27.4&#8243; _module_preset=&#8221;_initial&#8221; custom_padding=&#8221;0px|0px|0px|0px|true|true&#8221; global_colors_info=&#8221;{}&#8221;][et_pb_heading title=&#8221;St\u00f8tte og indsatser for b\u00f8rn, unge og familier&#8221; _builder_version=&#8221;4.27.4&#8243; _module_preset=&#8221;_initial&#8221; title_level=&#8221;h1&#8243; title_font=&#8221;&#8211;et_global_heading_font|600|||||||&#8221; title_text_align=&#8221;left&#8221; title_font_size=&#8221;50px&#8221; custom_margin=&#8221;0px||0px||false|false&#8221; custom_margin_tablet=&#8221;50px||20px||false|false&#8221; custom_margin_phone=&#8221;50px||-20px||false|false&#8221; custom_margin_last_edited=&#8221;on|phone&#8221; global_colors_info=&#8221;{}&#8221;][\/et_pb_heading][\/et_pb_column][\/et_pb_row][\/et_pb_section][et_pb_section fb_built=&#8221;1&#8243; _builder_version=&#8221;4.27.4&#8243; _module_preset=&#8221;default&#8221; custom_padding=&#8221;1px|||||&#8221; global_colors_info=&#8221;{}&#8221;][et_pb_row column_structure=&#8221;1_3,2_3&#8243; use_custom_gutter=&#8221;on&#8221; gutter_width=&#8221;1&#8243; custom_padding_last_edited=&#8221;on|desktop&#8221; _builder_version=&#8221;4.27.4&#8243; _module_preset=&#8221;default&#8221; custom_padding=&#8221;0px|60px|0px||false|false&#8221; custom_padding_tablet=&#8221;0px|40px|0px|40px|false|true&#8221; custom_padding_phone=&#8221;|20px||20px|false|true&#8221; custom_css_free_form=&#8221;.&#8221; global_colors_info=&#8221;{}&#8221;][et_pb_column type=&#8221;1_3&#8243; _builder_version=&#8221;4.27.4&#8243; _module_preset=&#8221;default&#8221; custom_padding=&#8221;0px|60px|60px|60px|false|true&#8221; global_colors_info=&#8221;{}&#8221;][et_pb_heading title=&#8221;Vores behandlingsliste&#8221; _builder_version=&#8221;4.27.4&#8243; _module_preset=&#8221;_initial&#8221; title_font=&#8221;&#8211;et_global_heading_font|600|||||||&#8221; title_text_align=&#8221;left&#8221; title_font_size=&#8221;30px&#8221; custom_margin=&#8221;9px||0px||false|false&#8221; custom_margin_tablet=&#8221;|||-40px|false|false&#8221; custom_margin_phone=&#8221;50px|||-20px|false|false&#8221; custom_margin_last_edited=&#8221;on|phone&#8221; custom_padding=&#8221;||1px|||&#8221; title_font_size_tablet=&#8221;&#8221; title_font_size_phone=&#8221;23px&#8221; title_font_size_last_edited=&#8221;on|phone&#8221; global_colors_info=&#8221;{}&#8221;][\/et_pb_heading][et_pb_button button_url=&#8221;@ET-DC@eyJkeW5hbWljIjp0cnVlLCJjb250ZW50IjoicG9zdF9saW5rX3VybF9wYWdlIiwic2V0dGluZ3MiOnsicG9zdF9pZCI6IjExOSJ9fQ==@&#8221; button_text=&#8221;Kontakt os&#8221; _builder_version=&#8221;4.27.4&#8243; _dynamic_attributes=&#8221;button_url&#8221; _module_preset=&#8221;c23677cd-b3f3-4697-917d-c779dcbb3621&#8243; button_text_color=&#8221;gcid-71061d81-f8f5-4087-922d-6cc5bf8bf977&#8243; button_bg_color=&#8221;#E4F2C9&#8243; button_border_color=&#8221;#E4F2C9&#8243; button_icon_color=&#8221;gcid-71061d81-f8f5-4087-922d-6cc5bf8bf977&#8243; custom_margin_tablet=&#8221;||30px|-40px|false|false&#8221; custom_margin_phone=&#8221;|||-20px|false|false&#8221; custom_margin_last_edited=&#8221;on|phone&#8221; global_colors_info=&#8221;{%22gcid-7679baa7-f247-4fb0-b2d1-e31a7ee4b81c%22:%91%22button_text_color%22%93,%22gcid-71061d81-f8f5-4087-922d-6cc5bf8bf977%22:%91%22button_text_color%22,%22button_icon_color%22%93}&#8221;][\/et_pb_button][\/et_pb_column][et_pb_column type=&#8221;2_3&#8243; _builder_version=&#8221;4.27.4&#8243; _module_preset=&#8221;default&#8221; background_color=&#8221;gcid-71061d81-f8f5-4087-922d-6cc5bf8bf977&#8243; custom_padding_tablet=&#8221;60px|60px|60px|60px|true|true&#8221; custom_padding_phone=&#8221;20px|20px|20px|20px|true|true&#8221; custom_padding_last_edited=&#8221;on|phone&#8221; border_radii=&#8221;on|20px|20px|20px|20px&#8221; global_colors_info=&#8221;{%22gcid-71061d81-f8f5-4087-922d-6cc5bf8bf977%22:%91%22background_color%22%93}&#8221;][et_pb_heading title=&#8221;Familie og for\u00e6ldre&#8221; _builder_version=&#8221;4.27.4&#8243; _module_preset=&#8221;default&#8221; title_text_color=&#8221;#FFFDF7&#8243; title_font_size=&#8221;26px&#8221; custom_margin=&#8221;7px||30px||false|false&#8221; title_font_size_tablet=&#8221;23px&#8221; title_font_size_phone=&#8221;23px&#8221; title_font_size_last_edited=&#8221;on|phone&#8221; global_colors_info=&#8221;{}&#8221;][\/et_pb_heading][dsm_pricelist item_bottom_gap=&#8221;30px&#8221; separator_style=&#8221;solid&#8221; separator_weight=&#8221;1px&#8221; separator_color=&#8221;gcid-945ad4c5-191c-4887-87ae-11b03e41703a&#8221; price_background_color=&#8221;RGBA(255,255,255,0)&#8221; item_bottom_gap_tablet=&#8221;10px&#8221; item_bottom_gap_phone=&#8221;20px&#8221; item_bottom_gap_last_edited=&#8221;on|phone&#8221; _builder_version=&#8221;4.27.4&#8243; _module_preset=&#8221;default&#8221; header_text_color=&#8221;#FFFDF7&#8243; header_font_size=&#8221;22px&#8221; content_text_color=&#8221;#E4F2C9&#8243; price_text_color=&#8221;rgba(228,242,201,0.7)&#8221; custom_margin=&#8221;||||false|false&#8221; custom_padding=&#8221;0px||||false|false&#8221; header_font_size_tablet=&#8221;20px&#8221; header_font_size_phone=&#8221;18px&#8221; header_font_size_last_edited=&#8221;on|phone&#8221; global_colors_info=&#8221;{%22gcid-945ad4c5-191c-4887-87ae-11b03e41703a%22:%91%22separator_color%22%93}&#8221;][dsm_pricelist_child price=&#8221;Barnets Lov \u00a7 30&#8243; title=&#8221;Forebyggende indsats og familievejledning\t&#8221; _builder_version=&#8221;4.27.4&#8243; _module_preset=&#8221;default&#8221; global_colors_info=&#8221;{}&#8221;]<\/p>\n<p>Tidlig st\u00f8tte og vejledning for at forebygge mere indgribende tiltag.<\/p>\n<p>[\/dsm_pricelist_child][dsm_pricelist_child price=&#8221;Barnets Lov \u00a7 32, stk. 1, nr. 5&#8243; title=&#8221;Familiebehandling&#8221; _builder_version=&#8221;4.27.4&#8243; _module_preset=&#8221;default&#8221; global_colors_info=&#8221;{}&#8221;]<\/p>\n<p><span>Terapeutisk og p\u00e6dagogisk st\u00f8tte til at styrke familiens trivsel.<\/span><\/p>\n<p>[\/dsm_pricelist_child][dsm_pricelist_child price=&#8221;Barnets Lov \u00a7 31&#8243; title=&#8221;R\u00e5dgivning, unders\u00f8gelse og behandling&#8221; _builder_version=&#8221;4.27.4&#8243; _module_preset=&#8221;default&#8221; global_colors_info=&#8221;{}&#8221;]<\/p>\n<p><span>Faglig vurdering, individuel eller familierettet st\u00f8tte.<\/span><\/p>\n<p>[\/dsm_pricelist_child][dsm_pricelist_child price=&#8221;Barnets Lov \u00a7 75&#8243; title=&#8221;St\u00f8tteperson til for\u00e6ldre med anbragt barn&#8221; _builder_version=&#8221;4.27.4&#8243; _module_preset=&#8221;default&#8221; global_colors_info=&#8221;{}&#8221;]St\u00f8tte og vejledning til for\u00e6ldre under anbringelse.[\/dsm_pricelist_child][\/dsm_pricelist][\/et_pb_column][\/et_pb_row][\/et_pb_section][et_pb_section fb_built=&#8221;1&#8243; custom_padding_last_edited=&#8221;on|desktop&#8221; _builder_version=&#8221;4.27.4&#8243; _module_preset=&#8221;default&#8221; custom_padding=&#8221;103px|||||&#8221; custom_padding_tablet=&#8221;0px||||false|false&#8221; custom_padding_phone=&#8221;0px||||false|false&#8221; global_colors_info=&#8221;{}&#8221;][et_pb_row column_structure=&#8221;3_5,2_5&#8243; use_custom_gutter=&#8221;on&#8221; gutter_width=&#8221;1&#8243; make_equal=&#8221;on&#8221; custom_padding_last_edited=&#8221;on|desktop&#8221; _builder_version=&#8221;4.27.4&#8243; _module_preset=&#8221;default&#8221; custom_padding=&#8221;0px||0px|60px|false|false&#8221; custom_padding_tablet=&#8221;0px|40px|0px|40px|false|true&#8221; custom_padding_phone=&#8221;|20px||20px|false|true&#8221; custom_css_free_form=&#8221;.&#8221; global_colors_info=&#8221;{}&#8221;][et_pb_column type=&#8221;3_5&#8243; _builder_version=&#8221;4.27.4&#8243; _module_preset=&#8221;default&#8221; background_color=&#8221;#E4F2C9&#8243; custom_padding_tablet=&#8221;60px|60px|60px|60px|true|true&#8221; custom_padding_phone=&#8221;20px|20px|20px|20px|true|true&#8221; custom_padding_last_edited=&#8221;on|phone&#8221; border_radii=&#8221;on|20px|20px|20px|20px&#8221; global_colors_info=&#8221;{}&#8221;][et_pb_heading title=&#8221;B\u00f8rn og unge&#8221; _builder_version=&#8221;4.27.4&#8243; _module_preset=&#8221;default&#8221; title_text_color=&#8221;gcid-160f701e-ade5-449a-b268-d4f983fe3af2&#8243; title_font_size=&#8221;27px&#8221; custom_margin=&#8221;7px||30px||false|false&#8221; title_font_size_tablet=&#8221;23px&#8221; title_font_size_phone=&#8221;23px&#8221; title_font_size_last_edited=&#8221;on|phone&#8221; global_colors_info=&#8221;{%22gcid-160f701e-ade5-449a-b268-d4f983fe3af2%22:%91%22title_text_color%22%93}&#8221;][\/et_pb_heading][dsm_pricelist item_bottom_gap=&#8221;30px&#8221; separator_style=&#8221;solid&#8221; separator_weight=&#8221;1px&#8221; separator_color=&#8221;gcid-160f701e-ade5-449a-b268-d4f983fe3af2&#8243; price_background_color=&#8221;RGBA(255,255,255,0)&#8221; item_bottom_gap_tablet=&#8221;10px&#8221; item_bottom_gap_phone=&#8221;20px&#8221; item_bottom_gap_last_edited=&#8221;on|phone&#8221; _builder_version=&#8221;4.27.4&#8243; _module_preset=&#8221;default&#8221; header_text_color=&#8221;gcid-160f701e-ade5-449a-b268-d4f983fe3af2&#8243; header_font_size=&#8221;22px&#8221; content_text_color=&#8221;gcid-71061d81-f8f5-4087-922d-6cc5bf8bf977&#8243; price_text_color=&#8221;rgba(35,86,74,0.69)&#8221; custom_margin=&#8221;||||false|false&#8221; custom_padding=&#8221;0px||||false|false&#8221; header_font_size_tablet=&#8221;20px&#8221; header_font_size_phone=&#8221;18px&#8221; header_font_size_last_edited=&#8221;on|phone&#8221; global_colors_info=&#8221;{%22gcid-160f701e-ade5-449a-b268-d4f983fe3af2%22:%91%22header_text_color%22,%22separator_color%22%93,%22gcid-71061d81-f8f5-4087-922d-6cc5bf8bf977%22:%91%22content_text_color%22%93}&#8221;][dsm_pricelist_child price=&#8221;Barnets Lov \u00a7 32, stk. 1, nr. 2&#8243; title=&#8221;Praktisk og p\u00e6dagogisk st\u00f8tte&#8221; _builder_version=&#8221;4.27.4&#8243; _module_preset=&#8221;default&#8221; global_colors_info=&#8221;{}&#8221;]St\u00f8tte i hverdagen til trivsel, struktur og udvikling.[\/dsm_pricelist_child][dsm_pricelist_child price=&#8221;Barnets Lov \u00a7 32, stk. 1, nr. 3&#8243; title=&#8221;Kontaktperson&#8221; _builder_version=&#8221;4.27.4&#8243; _module_preset=&#8221;default&#8221; global_colors_info=&#8221;{}&#8221;]En stabil voksenrelation, som st\u00f8tter barnets\/den unges udvikling.\t[\/dsm_pricelist_child][dsm_pricelist_child price=&#8221;Barnets Lov \u00a7 114&#8243; title=&#8221;Ungest\u00f8tte (tidligere efterv\u00e6rn)\t&#8221; _builder_version=&#8221;4.27.4&#8243; _module_preset=&#8221;default&#8221; global_colors_info=&#8221;{}&#8221;]Hj\u00e6lp til unge efter anbringelse, med fokus p\u00e5 overgangen til voksenlivet.\t[\/dsm_pricelist_child][dsm_pricelist_child price=&#8221;Serviceloven \u00a7 85&#8243; title=&#8221;Socialp\u00e6dagogisk st\u00f8tte i eget hjem\t&#8221; _builder_version=&#8221;4.27.4&#8243; _module_preset=&#8221;default&#8221; global_colors_info=&#8221;{}&#8221;]St\u00f8tte til selvst\u00e6ndighed og mental trivsel i eget hjem.\t[\/dsm_pricelist_child][\/dsm_pricelist][\/et_pb_column][et_pb_column type=&#8221;2_5&#8243; _builder_version=&#8221;4.27.4&#8243; _module_preset=&#8221;default&#8221; custom_padding=&#8221;0px|60px|0px|60px|true|true&#8221; global_colors_info=&#8221;{}&#8221;][et_pb_image src=&#8221;https:\/\/detsocialfagligehus.dk\/wp-content\/uploads\/2025\/08\/pexels-alexander-dummer-37646-1919030-scaled.jpg&#8221; title_text=&#8221;St\u00f8tte og overv\u00e5get samv\u00e6r&#8221; _builder_version=&#8221;4.27.4&#8243; _module_preset=&#8221;default&#8221; custom_margin_tablet=&#8221;&#8221; custom_margin_phone=&#8221;||-80px||false|false&#8221; custom_margin_last_edited=&#8221;on|phone&#8221; custom_padding_tablet=&#8221;100px||||false|false&#8221; custom_padding_phone=&#8221;50px||0px||false|false&#8221; custom_padding_last_edited=&#8221;on|phone&#8221; hover_enabled=&#8221;0&#8243; border_radii=&#8221;on|20px|20px|20px|20px&#8221; global_colors_info=&#8221;{}&#8221; alt=&#8221;St\u00f8tte og overv\u00e5get samv\u00e6r&#8221; sticky_enabled=&#8221;0&#8243;][\/et_pb_image][\/et_pb_column][\/et_pb_row][\/et_pb_section][et_pb_section fb_built=&#8221;1&#8243; _builder_version=&#8221;4.27.4&#8243; _module_preset=&#8221;default&#8221; custom_padding=&#8221;112px||112px||true|&#8221; global_colors_info=&#8221;{}&#8221;][et_pb_row column_structure=&#8221;2_5,3_5&#8243; use_custom_gutter=&#8221;on&#8221; gutter_width=&#8221;2&#8243; make_equal=&#8221;on&#8221; custom_padding_last_edited=&#8221;on|desktop&#8221; _builder_version=&#8221;4.27.4&#8243; _module_preset=&#8221;default&#8221; custom_padding=&#8221;0px|60px|0px|60px|false|false&#8221; custom_padding_tablet=&#8221;0px|40px|0px|40px|false|true&#8221; custom_padding_phone=&#8221;|20px||20px|false|true&#8221; custom_css_free_form=&#8221;.&#8221; global_colors_info=&#8221;{}&#8221;][et_pb_column type=&#8221;2_5&#8243; _builder_version=&#8221;4.27.4&#8243; _module_preset=&#8221;default&#8221; background_color=&#8221;gcid-71061d81-f8f5-4087-922d-6cc5bf8bf977&#8243; custom_padding_tablet=&#8221;60px|60px|60px|60px|true|true&#8221; custom_padding_phone=&#8221;20px|20px|20px|20px|true|true&#8221; custom_padding_last_edited=&#8221;on|phone&#8221; border_radii=&#8221;on|20px|20px|20px|20px&#8221; global_colors_info=&#8221;{%22gcid-71061d81-f8f5-4087-922d-6cc5bf8bf977%22:%91%22background_color%22%93}&#8221;][et_pb_heading title=&#8221;Terapisamtaler&#8221; _builder_version=&#8221;4.27.4&#8243; _module_preset=&#8221;default&#8221; title_text_color=&#8221;#FFFDF7&#8243; title_font_size=&#8221;27px&#8221; custom_margin=&#8221;7px||30px||false|false&#8221; title_font_size_tablet=&#8221;23px&#8221; title_font_size_phone=&#8221;23px&#8221; title_font_size_last_edited=&#8221;on|phone&#8221; global_colors_info=&#8221;{}&#8221;][\/et_pb_heading][dsm_pricelist item_bottom_gap=&#8221;30px&#8221; separator_style=&#8221;solid&#8221; separator_weight=&#8221;0px&#8221; separator_color=&#8221;#092125&#8243; separator_gap=&#8221;20px&#8221; price_background_color=&#8221;RGBA(255,255,255,0)&#8221; price_padding=&#8221;||||false|false&#8221; _builder_version=&#8221;4.27.4&#8243; _module_preset=&#8221;default&#8221; header_text_color=&#8221;#FFFDF7&#8243; header_font_size=&#8221;22px&#8221; content_text_color=&#8221;#E4F2C9&#8243; price_text_color=&#8221;gcid-71061d81-f8f5-4087-922d-6cc5bf8bf977&#8243; price_font_size=&#8221;0px&#8221; background_enable_color=&#8221;off&#8221; custom_padding=&#8221;0px||||false|false&#8221; header_font_size_tablet=&#8221;20px&#8221; header_font_size_phone=&#8221;18px&#8221; header_font_size_last_edited=&#8221;on|phone&#8221; global_colors_info=&#8221;{%22gcid-71061d81-f8f5-4087-922d-6cc5bf8bf977%22:%91%22price_text_color%22%93}&#8221;][dsm_pricelist_child title=&#8221;Individuelle eller familieorienterede terapisamtaler\t&#8221; _builder_version=&#8221;4.27.4&#8243; _module_preset=&#8221;default&#8221; background_color=&#8221;RGBA(255,255,255,0)&#8221; background_enable_color=&#8221;on&#8221; global_colors_info=&#8221;{}&#8221;]<\/p>\n<p>Fokus p\u00e5 mental trivsel, bearbejdning af sv\u00e6re oplevelser og personlig udvikling.<\/p>\n<p>[\/dsm_pricelist_child][\/dsm_pricelist][\/et_pb_column][et_pb_column type=&#8221;3_5&#8243; _builder_version=&#8221;4.27.4&#8243; _module_preset=&#8221;default&#8221; background_color=&#8221;#E4F2C9&#8243; custom_padding_tablet=&#8221;60px|60px|60px|60px|true|true&#8221; custom_padding_phone=&#8221;20px|20px|20px|20px|true|true&#8221; custom_padding_last_edited=&#8221;on|phone&#8221; border_radii=&#8221;on|20px|20px|20px|20px&#8221; global_colors_info=&#8221;{}&#8221;][et_pb_heading title=&#8221;Samv\u00e6r og kontakt&#8221; _builder_version=&#8221;4.27.4&#8243; _module_preset=&#8221;default&#8221; title_text_color=&#8221;gcid-160f701e-ade5-449a-b268-d4f983fe3af2&#8243; title_font_size=&#8221;27px&#8221; custom_margin=&#8221;7px||30px||false|false&#8221; title_font_size_tablet=&#8221;23px&#8221; title_font_size_phone=&#8221;23px&#8221; title_font_size_last_edited=&#8221;on|phone&#8221; global_colors_info=&#8221;{%22gcid-160f701e-ade5-449a-b268-d4f983fe3af2%22:%91%22title_text_color%22%93}&#8221;][\/et_pb_heading][dsm_pricelist item_bottom_gap=&#8221;30px&#8221; separator_style=&#8221;solid&#8221; separator_weight=&#8221;1px&#8221; separator_color=&#8221;gcid-160f701e-ade5-449a-b268-d4f983fe3af2&#8243; price_background_color=&#8221;RGBA(255,255,255,0)&#8221; item_bottom_gap_tablet=&#8221;10px&#8221; item_bottom_gap_phone=&#8221;20px&#8221; item_bottom_gap_last_edited=&#8221;on|phone&#8221; _builder_version=&#8221;4.27.4&#8243; _module_preset=&#8221;default&#8221; header_text_color=&#8221;gcid-160f701e-ade5-449a-b268-d4f983fe3af2&#8243; header_font_size=&#8221;22px&#8221; content_text_color=&#8221;gcid-71061d81-f8f5-4087-922d-6cc5bf8bf977&#8243; price_text_color=&#8221;rgba(35,86,74,0.69)&#8221; custom_margin=&#8221;||||false|false&#8221; custom_padding=&#8221;0px||||false|false&#8221; header_font_size_tablet=&#8221;20px&#8221; header_font_size_phone=&#8221;18px&#8221; header_font_size_last_edited=&#8221;on|phone&#8221; global_colors_info=&#8221;{%22gcid-160f701e-ade5-449a-b268-d4f983fe3af2%22:%91%22header_text_color%22,%22separator_color%22%93,%22gcid-71061d81-f8f5-4087-922d-6cc5bf8bf977%22:%91%22content_text_color%22%93}&#8221;][dsm_pricelist_child price=&#8221;Barnets Lov \u00a7 104, stk. 3&#8243; title=&#8221;St\u00f8ttet samv\u00e6r\t&#8221; _builder_version=&#8221;4.27.4&#8243; _module_preset=&#8221;default&#8221; global_colors_info=&#8221;{}&#8221;]Samv\u00e6r med st\u00f8tte, hvor det vurderes n\u00f8dvendigt.\t[\/dsm_pricelist_child][dsm_pricelist_child price=&#8221;Barnets Lov \u00a7 105&#8243; title=&#8221;Overv\u00e5get samv\u00e6r\t&#8221; _builder_version=&#8221;4.27.4&#8243; _module_preset=&#8221;default&#8221; global_colors_info=&#8221;{}&#8221;]Samv\u00e6r med overv\u00e5gning, hvor barnets behov kr\u00e6ver det.\t[\/dsm_pricelist_child][\/dsm_pricelist][\/et_pb_column][\/et_pb_row][\/et_pb_section][et_pb_section fb_built=&#8221;1&#8243; _builder_version=&#8221;4.27.4&#8243; _module_preset=&#8221;ac4d259a-72b0-4ac9-b248-f62f3d0f2c33&#8243; background_color=&#8221;RGBA(255,255,255,0)&#8221; background_image=&#8221;https:\/\/detsocialfagligehus.dk\/wp-content\/uploads\/2025\/08\/pexels-michael-morse-1582736-scaled.jpg&#8221; background_position=&#8221;bottom_center&#8221; background_vertical_offset=&#8221;10%&#8221; background_blend=&#8221;lighten&#8221; custom_margin=&#8221;||-44px||false|false&#8221; custom_padding=&#8221;0px||0px||false|false&#8221; global_colors_info=&#8221;{}&#8221; theme_builder_area=&#8221;post_content&#8221;][et_pb_row _builder_version=&#8221;4.27.4&#8243; _module_preset=&#8221;c0bf9b29-57c2-4716-ad50-0120e19d2a63&#8243; background_enable_color=&#8221;off&#8221; hover_enabled=&#8221;0&#8243; global_colors_info=&#8221;{}&#8221; theme_builder_area=&#8221;post_content&#8221; sticky_enabled=&#8221;0&#8243;][et_pb_column type=&#8221;4_4&#8243; _builder_version=&#8221;4.27.4&#8243; _module_preset=&#8221;48625ece-f227-4c31-bc50-77e4c4e406a2&#8243; hover_enabled=&#8221;0&#8243; global_colors_info=&#8221;{}&#8221; theme_builder_area=&#8221;post_content&#8221; background_color=&#8221;RGBA(255,255,255,0)&#8221; sticky_enabled=&#8221;0&#8243;][et_pb_cta title=&#8221;Sp\u00f8rgsm\u00e5l?&#8221; button_text=&#8221;Kontakt ledelsen her&#8221; _builder_version=&#8221;4.27.4&#8243; _module_preset=&#8221;default&#8221; header_font=&#8221;&#8211;et_global_heading_font|600|||||||&#8221; header_text_color=&#8221;#FFFDF7&#8243; header_font_size=&#8221;36px&#8221; background_enable_color=&#8221;off&#8221; custom_button=&#8221;on&#8221; button_text_color=&#8221;#FFFDF7&#8243; button_border_width=&#8221;20px&#8221; button_alignment=&#8221;center&#8221; min_height=&#8221;82px&#8221; custom_margin=&#8221;||-37px|||&#8221; custom_padding=&#8221;||14px|||&#8221; global_colors_info=&#8221;{}&#8221; theme_builder_area=&#8221;post_content&#8221;][\/et_pb_cta][et_pb_button button_url=&#8221;https:\/\/detsocialfagligehus.dk\/index.php\/119-2\/&#8221; button_text=&#8221;Kontakt ledelsen her&#8221; button_alignment=&#8221;center&#8221; _builder_version=&#8221;4.27.4&#8243; _module_preset=&#8221;897ba892-9cf0-4dfa-b040-e36f6989a77c&#8221; button_text_color=&#8221;#FFFDF7&#8243; button_bg_color=&#8221;RGBA(255,255,255,0)&#8221; button_border_color=&#8221;#FFFDF7&#8243; custom_margin=&#8221;30px||88px||false|false&#8221; global_colors_info=&#8221;{}&#8221; theme_builder_area=&#8221;post_content&#8221;][\/et_pb_button][\/et_pb_column][\/et_pb_row][\/et_pb_section]<\/p>\n","protected":false},"excerpt":{"rendered":"<p><div class=\"et_pb_module dsm_pricelist dsm_pricelist_0\">\n\t\t\t\t\n\t\t\t\t\n\t\t\t\t\n\t\t\t\t\n\t\t\t\t\n\t\t\t\t\n\t\t\t\t<div class=\"et_pb_module_inner\">\n\t\t\t\t\t<div class=\"dsm_pricelist\"><\/div>\n\t\t\t\t<\/div>\n\t\t\t<\/div><div class=\"dsm_pricelist_child dsm_pricelist_child_0\">\n\t\t\t\t\n\t\t\t\t\n\t\t\t\t\n\t\t\t\t\n\t\t\t\t\n\t\t\t\t\n\t\t\t\t<div class=\"et_pb_module_inner\">\n\t\t\t\t\t\n\t\t\t\n\t\t\t\n\t\t\t<div class=\"dsm_pricelist_item_wrapper\">\n\t\t\t\t<div class=\"dsm-pricelist-header\">\n\t\t\t\t\t<div class=\"dsm-pricelist-title et_pb_module_header\">Forebyggende indsats og familievejledning <\/div>\n\t\t\t\t\t<div class=\"dsm-pricelist-separator\"><\/div>\n\t\t\t\t\t<div class=\"dsm-pricelist-price\">Barnets Lov \u00a7 30<\/div>\n\t\t\t\t<\/div>\n\t\t\t\t<div class=\"dsm-pricelist-description\">Tidlig st\u00f8tte og vejledning for at forebygge mere indgribende tiltag.<\/div>\n\t\t\t\t\n\t\t\t<\/div>\n\t\t\t\t<\/div>\n\t\t\t<\/div><div class=\"dsm_pricelist_child dsm_pricelist_child_1\">\n\t\t\t\t\n\t\t\t\t\n\t\t\t\t\n\t\t\t\t\n\t\t\t\t\n\t\t\t\t\n\t\t\t\t<div class=\"et_pb_module_inner\">\n\t\t\t\t\t\n\t\t\t\n\t\t\t\n\t\t\t<div class=\"dsm_pricelist_item_wrapper\">\n\t\t\t\t<div class=\"dsm-pricelist-header\">\n\t\t\t\t\t<div class=\"dsm-pricelist-title et_pb_module_header\">Familiebehandling<\/div>\n\t\t\t\t\t<div class=\"dsm-pricelist-separator\"><\/div>\n\t\t\t\t\t<div class=\"dsm-pricelist-price\">Barnets Lov \u00a7 32, stk. 1, nr. 5<\/div>\n\t\t\t\t<\/div>\n\t\t\t\t\n\t\t\t\t\n\t\t\t<\/div>\n\t\t\t\t<\/div>\n\t\t\t<\/div>Terapeutisk og [&hellip;]<\/p>\n","protected":false},"author":1,"featured_media":0,"parent":0,"menu_order":0,"comment_status":"closed","ping_status":"closed","template":"","meta":{"_et_pb_use_builder":"on","_et_pb_old_content":"","_et_gb_content_width":"","footnotes":""},"class_list":["post-953","page","type-page","status-publish","hentry"],"yoast_head":"<!-- This site is optimized with the Yoast SEO plugin v25.5 - https:\/\/yoast.com\/wordpress\/plugins\/seo\/ -->\n<title>Vores behandlingsliste - Hylleholt Familiefokus<\/title>\n<meta name=\"robots\" content=\"index, follow, max-snippet:-1, max-image-preview:large, max-video-preview:-1\" \/>\n<link rel=\"canonical\" href=\"https:\/\/detsocialfagligehus.dk\/index.php\/behandlingsliste\/\" \/>\n<meta property=\"og:locale\" content=\"en_US\" \/>\n<meta property=\"og:type\" content=\"article\" \/>\n<meta property=\"og:title\" content=\"Vores behandlingsliste - Hylleholt Familiefokus\" \/>\n<meta property=\"og:description\" content=\"Terapeutisk og [&hellip;]\" \/>\n<meta property=\"og:url\" content=\"https:\/\/detsocialfagligehus.dk\/index.php\/behandlingsliste\/\" \/>\n<meta property=\"og:site_name\" content=\"Hylleholt Familiefokus\" \/>\n<meta property=\"article:modified_time\" content=\"2025-09-07T16:50:14+00:00\" \/>\n<meta name=\"twitter:card\" content=\"summary_large_image\" \/>\n<meta name=\"twitter:label1\" content=\"Est. reading time\" \/>\n\t<meta name=\"twitter:data1\" content=\"12 minutes\" \/>\n<script type=\"application\/ld+json\" class=\"yoast-schema-graph\">{\"@context\":\"https:\/\/schema.org\",\"@graph\":[{\"@type\":\"WebPage\",\"@id\":\"https:\/\/detsocialfagligehus.dk\/index.php\/behandlingsliste\/\",\"url\":\"https:\/\/detsocialfagligehus.dk\/index.php\/behandlingsliste\/\",\"name\":\"Vores behandlingsliste - Hylleholt Familiefokus\",\"isPartOf\":{\"@id\":\"https:\/\/detsocialfagligehus.dk\/#website\"},\"datePublished\":\"2025-08-07T16:54:38+00:00\",\"dateModified\":\"2025-09-07T16:50:14+00:00\",\"breadcrumb\":{\"@id\":\"https:\/\/detsocialfagligehus.dk\/index.php\/behandlingsliste\/#breadcrumb\"},\"inLanguage\":\"en-US\",\"potentialAction\":[{\"@type\":\"ReadAction\",\"target\":[\"https:\/\/detsocialfagligehus.dk\/index.php\/behandlingsliste\/\"]}]},{\"@type\":\"BreadcrumbList\",\"@id\":\"https:\/\/detsocialfagligehus.dk\/index.php\/behandlingsliste\/#breadcrumb\",\"itemListElement\":[{\"@type\":\"ListItem\",\"position\":1,\"name\":\"Home\",\"item\":\"https:\/\/detsocialfagligehus.dk\/\"},{\"@type\":\"ListItem\",\"position\":2,\"name\":\"Vores behandlingsliste\"}]},{\"@type\":\"WebSite\",\"@id\":\"https:\/\/detsocialfagligehus.dk\/#website\",\"url\":\"https:\/\/detsocialfagligehus.dk\/\",\"name\":\"Hylleholt Familiefokus\",\"description\":\"\",\"potentialAction\":[{\"@type\":\"SearchAction\",\"target\":{\"@type\":\"EntryPoint\",\"urlTemplate\":\"https:\/\/detsocialfagligehus.dk\/?s={search_term_string}\"},\"query-input\":{\"@type\":\"PropertyValueSpecification\",\"valueRequired\":true,\"valueName\":\"search_term_string\"}}],\"inLanguage\":\"en-US\"}]}<\/script>\n<!-- \/ Yoast SEO plugin. -->","yoast_head_json":{"title":"Vores behandlingsliste - Hylleholt Familiefokus","robots":{"index":"index","follow":"follow","max-snippet":"max-snippet:-1","max-image-preview":"max-image-preview:large","max-video-preview":"max-video-preview:-1"},"canonical":"https:\/\/detsocialfagligehus.dk\/index.php\/behandlingsliste\/","og_locale":"en_US","og_type":"article","og_title":"Vores behandlingsliste - Hylleholt Familiefokus","og_description":"Terapeutisk og [&hellip;]","og_url":"https:\/\/detsocialfagligehus.dk\/index.php\/behandlingsliste\/","og_site_name":"Hylleholt Familiefokus","article_modified_time":"2025-09-07T16:50:14+00:00","twitter_card":"summary_large_image","twitter_misc":{"Est. reading time":"12 minutes"},"schema":{"@context":"https:\/\/schema.org","@graph":[{"@type":"WebPage","@id":"https:\/\/detsocialfagligehus.dk\/index.php\/behandlingsliste\/","url":"https:\/\/detsocialfagligehus.dk\/index.php\/behandlingsliste\/","name":"Vores behandlingsliste - Hylleholt Familiefokus","isPartOf":{"@id":"https:\/\/detsocialfagligehus.dk\/#website"},"datePublished":"2025-08-07T16:54:38+00:00","dateModified":"2025-09-07T16:50:14+00:00","breadcrumb":{"@id":"https:\/\/detsocialfagligehus.dk\/index.php\/behandlingsliste\/#breadcrumb"},"inLanguage":"en-US","potentialAction":[{"@type":"ReadAction","target":["https:\/\/detsocialfagligehus.dk\/index.php\/behandlingsliste\/"]}]},{"@type":"BreadcrumbList","@id":"https:\/\/detsocialfagligehus.dk\/index.php\/behandlingsliste\/#breadcrumb","itemListElement":[{"@type":"ListItem","position":1,"name":"Home","item":"https:\/\/detsocialfagligehus.dk\/"},{"@type":"ListItem","position":2,"name":"Vores behandlingsliste"}]},{"@type":"WebSite","@id":"https:\/\/detsocialfagligehus.dk\/#website","url":"https:\/\/detsocialfagligehus.dk\/","name":"Hylleholt Familiefokus","description":"","potentialAction":[{"@type":"SearchAction","target":{"@type":"EntryPoint","urlTemplate":"https:\/\/detsocialfagligehus.dk\/?s={search_term_string}"},"query-input":{"@type":"PropertyValueSpecification","valueRequired":true,"valueName":"search_term_string"}}],"inLanguage":"en-US"}]}},"_links":{"self":[{"href":"https:\/\/detsocialfagligehus.dk\/index.php\/wp-json\/wp\/v2\/pages\/953","targetHints":{"allow":["GET"]}}],"collection":[{"href":"https:\/\/detsocialfagligehus.dk\/index.php\/wp-json\/wp\/v2\/pages"}],"about":[{"href":"https:\/\/detsocialfagligehus.dk\/index.php\/wp-json\/wp\/v2\/types\/page"}],"author":[{"embeddable":true,"href":"https:\/\/detsocialfagligehus.dk\/index.php\/wp-json\/wp\/v2\/users\/1"}],"replies":[{"embeddable":true,"href":"https:\/\/detsocialfagligehus.dk\/index.php\/wp-json\/wp\/v2\/comments?post=953"}],"version-history":[{"count":19,"href":"https:\/\/detsocialfagligehus.dk\/index.php\/wp-json\/wp\/v2\/pages\/953\/revisions"}],"predecessor-version":[{"id":1282,"href":"https:\/\/detsocialfagligehus.dk\/index.php\/wp-json\/wp\/v2\/pages\/953\/revisions\/1282"}],"wp:attachment":[{"href":"https:\/\/detsocialfagligehus.dk\/index.php\/wp-json\/wp\/v2\/media?parent=953"}],"curies":[{"name":"wp","href":"https:\/\/api.w.org\/{rel}","templated":true}]}}